{"id":1885,"date":"2023-04-12T23:29:20","date_gmt":"2023-04-12T21:29:20","guid":{"rendered":"https:\/\/www.ewigerbund.org\/bayern\/?page_id=1885"},"modified":"2023-12-16T03:49:35","modified_gmt":"2023-12-16T02:49:35","slug":"wir-in-bayern","status":"publish","type":"page","link":"https:\/\/www.ewigerbund.org\/bayern\/startseite\/herz-eb\/wir-in-bayern\/","title":{"rendered":"Wir in Bayern."},"content":{"rendered":"\n<h2 class=\"gb-headline gb-headline-8c9b06fa gb-headline-text\">Wir im ewigen Bund Bayern.<\/h2>\n\n\n\n<div style=\"height:30px\" aria-hidden=\"true\" class=\"wp-block-spacer\"><\/div>\n\n\n\n<blockquote class=\"wp-block-quote zitat-style is-layout-flow wp-block-quote-is-layout-flow\">\n<p>&#8222;<em>Gott mit uns, dem Bayernvolke,<br> da\u00df wir unsrer V\u00e4ter wert,<br> fest in Eintracht und in Frieden<br> bauen unseres Gl\u00fcckes Herd;<br> da\u00df mit Deutschlands Bruderst\u00e4mmen<br> einig uns der Gegner schau,<br> und den alten Ruhm bew\u00e4hre<br> unser Banner wei\u00df und blau!&#8220;<\/em><\/p>\n<cite>&#8211; Bayernhymne, 2. Strophe.<\/cite><\/blockquote>\n\n\n<div class=\"gb-container gb-container-64bda6a4\">\n\n<div style=\"height:30px\" aria-hidden=\"true\" class=\"wp-block-spacer\"><\/div>\n\n<\/div>\n\n<div class=\"gb-container gb-container-284fcad8\">\n\n<p>Wir, der ewige Bund in Bayern, sind ein uneigenn\u00fctziges sowie \u00fcberparteiliches Arbeitsb\u00fcndnis des deutschen Indigenats bestehend aus in und f\u00fcr Bayern lebender, monarchisch gesinnter Menschen jeden Alters und beiderlei Geschlechts. Unser gesamter Einsatz gilt unserer Heimat, unserem Volk und unserem Herrscherhaus. <\/p>\n\n\n\n<p>Unsere t\u00e4gliche Arbeit zielt unter anderem darauf ab, den Verleumdungen bayerischer sowie deutscher Monarchen Einhalt zu gebieten und der Verf\u00e4lschung unserer Geschichte ein ehrliches Bild gegen\u00fcber zu stellen. F\u00fcrst und Volk sollen so endlich wieder vereint werden.<\/p>\n\n\n\n<p>Zu diesem Zweck unterhalten wir eine stetig wachsende, <a href=\"https:\/\/staatsbibliothek.ewigerbund.org\/viewer\/index\/\">digitale Bibliothek<\/a> und entwickeln <a href=\"https:\/\/www.ewigerbund.org\/film\/\">Medien und Inhalte<\/a>, um das Wissen unserer Urgro\u00dfv\u00e4ter aus den vergessenen B\u00fcchern in die Gegenwart zu transportieren.<\/p>\n\n\n\n<p>Gleichzeitig wollen wir aber auch alle monarchisch und vaterl\u00e4ndisch gesinnten Menschen im K\u00f6nigreich Bayern sammeln und verbinden, um schlie\u00dflich eine mehrheitliche Zustimmung f\u00fcr die Wiedereinsetzung des bayerischen Herrscherhauses in seine angestammten Rechte zu erwirken. Bei all unserem Tun achten wir deshalb stets auf Redlichkeit, Anstand und Offenheit, im Inneren sowie nach au\u00dfen.<\/p>\n\n\n\n<p>Die bayerischen Grundtugenden, n\u00e4mlich das Streben nach seelischer Reinheit und Aufrichtigkeit sowie die unverbr\u00fcchliche Treue sind unsere h\u00f6chsten Werte. Dabei stehen wir immer fest auf dem Boden g\u00fcltiger Gesetze und benehmen uns so, wie es sich f\u00fcr Bayern geziemt. Wir pflegen ein offenes und f\u00f6rderliches Umfeld mit zahlreichen M\u00f6glichkeiten, sich zu entwickeln und neue F\u00e4higkeiten zu erschlie\u00dfen. Unser Anspruch ist dabei absolute Eigenst\u00e4ndigkeit, weshalb wir nicht nur alles tun, was wir k\u00f6nnen, sondern auch alles lernen, was wir noch nicht k\u00f6nnen.<\/p>\n\n\n\n<p>Wenn du also deiner Heimat einen unsterblichen Dienst erweisen und an der goldenen Zukunft Bayerns und Deutschlands mitwirken m\u00f6chtest, dann bist du aufgerufen, <a href=\"https:\/\/t.me\/koenigreichbayern1806\" target=\"_blank\" rel=\"noreferrer noopener\">dich einzureihen<\/a>!<\/p>\n\n<\/div>","protected":false},"excerpt":{"rendered":"<p>Wir im ewigen Bund Bayern. &#8222;Gott mit uns, dem Bayernvolke, da\u00df wir unsrer V\u00e4ter wert, fest in Eintracht und in Frieden bauen unseres Gl\u00fcckes Herd; da\u00df mit Deutschlands Bruderst\u00e4mmen einig uns der Gegner schau, und den alten Ruhm bew\u00e4hre unser Banner wei\u00df und blau!&#8220; &#8211; Bayernhymne, 2. Strophe. Wir, der ewige Bund in Bayern, sind &#8230; <a title=\"Wir in Bayern.\" class=\"read-more\" href=\"https:\/\/www.ewigerbund.org\/bayern\/startseite\/herz-eb\/wir-in-bayern\/\" aria-label=\"Mehr zu Wir in Bayern.\">Weiterlesen &#8230;<\/a><\/p>\n","protected":false},"author":1,"featured_media":2782,"parent":1969,"menu_order":0,"comment_status":"closed","ping_status":"closed","template":"template-6-beide-seitenleiste.php","meta":{"footnotes":""},"categories":[1,6,5],"tags":[512,171,506,511,513,502,514,501],"class_list":["post-1885","page","type-page","status-publish","has-post-thumbnail","hentry","category-allgemein","category-bayern","category-bundesstaat","tag-bayerisches-volk","tag-bayern","tag-deutsches-volk","tag-gueltiges-recht","tag-legitimitaet","tag-reaktion","tag-rechtsbruch","tag-staatsgewalt"],"yoast_head":"<!-- This site is optimized with the Yoast SEO plugin v23.1 - https:\/\/yoast.com\/wordpress\/plugins\/seo\/ -->\n<title>Wir in Bayern. - K\u00f6nigreich Bayern<\/title>\n<meta name=\"description\" content=\"Wir, der ewige Bund in Bayern, sind ein uneigenn\u00fctziges Arbeitsb\u00fcndnis bestehend aus in und f\u00fcr Bayern lebender, monarchisch gesinnter...\" \/>\n<meta name=\"robots\" content=\"index, follow, max-snippet:-1, max-image-preview:large, max-video-preview:-1\" \/>\n<link rel=\"canonical\" href=\"https:\/\/www.ewigerbund.org\/bayern\/startseite\/herz-eb\/wir-in-bayern\/\" \/>\n<meta property=\"og:locale\" content=\"de_DE\" \/>\n<meta property=\"og:type\" content=\"article\" \/>\n<meta property=\"og:title\" content=\"Wir in Bayern. - K\u00f6nigreich Bayern\" \/>\n<meta property=\"og:description\" content=\"Wir, der ewige Bund in Bayern, sind ein uneigenn\u00fctziges Arbeitsb\u00fcndnis bestehend aus in und f\u00fcr Bayern lebender, monarchisch gesinnter...\" \/>\n<meta property=\"og:url\" content=\"https:\/\/www.ewigerbund.org\/bayern\/startseite\/herz-eb\/wir-in-bayern\/\" \/>\n<meta property=\"og:site_name\" content=\"K\u00f6nigreich Bayern\" \/>\n<meta property=\"article:modified_time\" content=\"2023-12-16T02:49:35+00:00\" \/>\n<meta property=\"og:image\" content=\"https:\/\/www.ewigerbund.org\/bayern\/wp-content\/uploads\/sites\/12\/2023\/06\/Wer-wir-sind-Banner-1.jpg\" \/>\n\t<meta property=\"og:image:width\" content=\"1920\" \/>\n\t<meta property=\"og:image:height\" content=\"350\" \/>\n\t<meta property=\"og:image:type\" content=\"image\/jpeg\" \/>\n<meta name=\"twitter:card\" content=\"summary_large_image\" \/>\n<meta name=\"twitter:label1\" content=\"Gesch\u00e4tzte Lesezeit\" \/>\n\t<meta name=\"twitter:data1\" content=\"2\u00a0Minuten\" \/>\n<script type=\"application\/ld+json\" class=\"yoast-schema-graph\">{\"@context\":\"https:\/\/schema.org\",\"@graph\":[{\"@type\":[\"WebPage\",\"AboutPage\"],\"@id\":\"https:\/\/www.ewigerbund.org\/bayern\/startseite\/herz-eb\/wir-in-bayern\/\",\"url\":\"https:\/\/www.ewigerbund.org\/bayern\/startseite\/herz-eb\/wir-in-bayern\/\",\"name\":\"Wir in Bayern. - K\u00f6nigreich Bayern\",\"isPartOf\":{\"@id\":\"https:\/\/www.ewigerbund.org\/bayern\/#website\"},\"primaryImageOfPage\":{\"@id\":\"https:\/\/www.ewigerbund.org\/bayern\/startseite\/herz-eb\/wir-in-bayern\/#primaryimage\"},\"image\":{\"@id\":\"https:\/\/www.ewigerbund.org\/bayern\/startseite\/herz-eb\/wir-in-bayern\/#primaryimage\"},\"thumbnailUrl\":\"https:\/\/www.ewigerbund.org\/bayern\/wp-content\/uploads\/sites\/12\/2023\/06\/Wer-wir-sind-Banner-1.jpg\",\"datePublished\":\"2023-04-12T21:29:20+00:00\",\"dateModified\":\"2023-12-16T02:49:35+00:00\",\"description\":\"Wir, der ewige Bund in Bayern, sind ein uneigenn\u00fctziges Arbeitsb\u00fcndnis bestehend aus in und f\u00fcr Bayern lebender, monarchisch gesinnter...\",\"breadcrumb\":{\"@id\":\"https:\/\/www.ewigerbund.org\/bayern\/startseite\/herz-eb\/wir-in-bayern\/#breadcrumb\"},\"inLanguage\":\"de\",\"potentialAction\":[{\"@type\":\"ReadAction\",\"target\":[\"https:\/\/www.ewigerbund.org\/bayern\/startseite\/herz-eb\/wir-in-bayern\/\"]}]},{\"@type\":\"ImageObject\",\"inLanguage\":\"de\",\"@id\":\"https:\/\/www.ewigerbund.org\/bayern\/startseite\/herz-eb\/wir-in-bayern\/#primaryimage\",\"url\":\"https:\/\/www.ewigerbund.org\/bayern\/wp-content\/uploads\/sites\/12\/2023\/06\/Wer-wir-sind-Banner-1.jpg\",\"contentUrl\":\"https:\/\/www.ewigerbund.org\/bayern\/wp-content\/uploads\/sites\/12\/2023\/06\/Wer-wir-sind-Banner-1.jpg\",\"width\":1920,\"height\":350,\"caption\":\"Wer-wir-sind-Banner\"},{\"@type\":\"BreadcrumbList\",\"@id\":\"https:\/\/www.ewigerbund.org\/bayern\/startseite\/herz-eb\/wir-in-bayern\/#breadcrumb\",\"itemListElement\":[{\"@type\":\"ListItem\",\"position\":1,\"name\":\"Startseite\",\"item\":\"https:\/\/www.ewigerbund.org\/bayern\/\"},{\"@type\":\"ListItem\",\"position\":2,\"name\":\"Startseite.\",\"item\":\"https:\/\/www.ewigerbund.org\/bayern\/\"},{\"@type\":\"ListItem\",\"position\":3,\"name\":\"HERZST\u00dcCK DES EWIGEN BUNDES.\",\"item\":\"https:\/\/www.ewigerbund.org\/bayern\/startseite\/herz-eb\/\"},{\"@type\":\"ListItem\",\"position\":4,\"name\":\"Wir in Bayern.\"}]},{\"@type\":\"WebSite\",\"@id\":\"https:\/\/www.ewigerbund.org\/bayern\/#website\",\"url\":\"https:\/\/www.ewigerbund.org\/bayern\/\",\"name\":\"K\u00f6nigreich Bayern\",\"description\":\"im ewigen Bund.\",\"publisher\":{\"@id\":\"https:\/\/www.ewigerbund.org\/bayern\/#organization\"},\"potentialAction\":[{\"@type\":\"SearchAction\",\"target\":{\"@type\":\"EntryPoint\",\"urlTemplate\":\"https:\/\/www.ewigerbund.org\/bayern\/?s={search_term_string}\"},\"query-input\":\"required name=search_term_string\"}],\"inLanguage\":\"de\"},{\"@type\":\"Organization\",\"@id\":\"https:\/\/www.ewigerbund.org\/bayern\/#organization\",\"name\":\"K\u00f6nigreich Bayern\",\"url\":\"https:\/\/www.ewigerbund.org\/bayern\/\",\"logo\":{\"@type\":\"ImageObject\",\"inLanguage\":\"de\",\"@id\":\"https:\/\/www.ewigerbund.org\/bayern\/#\/schema\/logo\/image\/\",\"url\":\"https:\/\/www.ewigerbund.org\/bayern\/wp-content\/uploads\/sites\/12\/2023\/02\/2023-02-24-Logo-EB-Bayern-Schutzzone_Schatten_BGweiss_V2_1200px.png\",\"contentUrl\":\"https:\/\/www.ewigerbund.org\/bayern\/wp-content\/uploads\/sites\/12\/2023\/02\/2023-02-24-Logo-EB-Bayern-Schutzzone_Schatten_BGweiss_V2_1200px.png\",\"width\":1200,\"height\":1200,\"caption\":\"K\u00f6nigreich Bayern\"},\"image\":{\"@id\":\"https:\/\/www.ewigerbund.org\/bayern\/#\/schema\/logo\/image\/\"}}]}<\/script>\n<!-- \/ Yoast SEO plugin. -->","yoast_head_json":{"title":"Wir in Bayern. - K\u00f6nigreich Bayern","description":"Wir, der ewige Bund in Bayern, sind ein uneigenn\u00fctziges Arbeitsb\u00fcndnis bestehend aus in und f\u00fcr Bayern lebender, monarchisch gesinnter...","robots":{"index":"index","follow":"follow","max-snippet":"max-snippet:-1","max-image-preview":"max-image-preview:large","max-video-preview":"max-video-preview:-1"},"canonical":"https:\/\/www.ewigerbund.org\/bayern\/startseite\/herz-eb\/wir-in-bayern\/","og_locale":"de_DE","og_type":"article","og_title":"Wir in Bayern. - K\u00f6nigreich Bayern","og_description":"Wir, der ewige Bund in Bayern, sind ein uneigenn\u00fctziges Arbeitsb\u00fcndnis bestehend aus in und f\u00fcr Bayern lebender, monarchisch gesinnter...","og_url":"https:\/\/www.ewigerbund.org\/bayern\/startseite\/herz-eb\/wir-in-bayern\/","og_site_name":"K\u00f6nigreich Bayern","article_modified_time":"2023-12-16T02:49:35+00:00","og_image":[{"width":1920,"height":350,"url":"https:\/\/www.ewigerbund.org\/bayern\/wp-content\/uploads\/sites\/12\/2023\/06\/Wer-wir-sind-Banner-1.jpg","type":"image\/jpeg"}],"twitter_card":"summary_large_image","twitter_misc":{"Gesch\u00e4tzte Lesezeit":"2\u00a0Minuten"},"schema":{"@context":"https:\/\/schema.org","@graph":[{"@type":["WebPage","AboutPage"],"@id":"https:\/\/www.ewigerbund.org\/bayern\/startseite\/herz-eb\/wir-in-bayern\/","url":"https:\/\/www.ewigerbund.org\/bayern\/startseite\/herz-eb\/wir-in-bayern\/","name":"Wir in Bayern. - K\u00f6nigreich Bayern","isPartOf":{"@id":"https:\/\/www.ewigerbund.org\/bayern\/#website"},"primaryImageOfPage":{"@id":"https:\/\/www.ewigerbund.org\/bayern\/startseite\/herz-eb\/wir-in-bayern\/#primaryimage"},"image":{"@id":"https:\/\/www.ewigerbund.org\/bayern\/startseite\/herz-eb\/wir-in-bayern\/#primaryimage"},"thumbnailUrl":"https:\/\/www.ewigerbund.org\/bayern\/wp-content\/uploads\/sites\/12\/2023\/06\/Wer-wir-sind-Banner-1.jpg","datePublished":"2023-04-12T21:29:20+00:00","dateModified":"2023-12-16T02:49:35+00:00","description":"Wir, der ewige Bund in Bayern, sind ein uneigenn\u00fctziges Arbeitsb\u00fcndnis bestehend aus in und f\u00fcr Bayern lebender, monarchisch gesinnter...","breadcrumb":{"@id":"https:\/\/www.ewigerbund.org\/bayern\/startseite\/herz-eb\/wir-in-bayern\/#breadcrumb"},"inLanguage":"de","potentialAction":[{"@type":"ReadAction","target":["https:\/\/www.ewigerbund.org\/bayern\/startseite\/herz-eb\/wir-in-bayern\/"]}]},{"@type":"ImageObject","inLanguage":"de","@id":"https:\/\/www.ewigerbund.org\/bayern\/startseite\/herz-eb\/wir-in-bayern\/#primaryimage","url":"https:\/\/www.ewigerbund.org\/bayern\/wp-content\/uploads\/sites\/12\/2023\/06\/Wer-wir-sind-Banner-1.jpg","contentUrl":"https:\/\/www.ewigerbund.org\/bayern\/wp-content\/uploads\/sites\/12\/2023\/06\/Wer-wir-sind-Banner-1.jpg","width":1920,"height":350,"caption":"Wer-wir-sind-Banner"},{"@type":"BreadcrumbList","@id":"https:\/\/www.ewigerbund.org\/bayern\/startseite\/herz-eb\/wir-in-bayern\/#breadcrumb","itemListElement":[{"@type":"ListItem","position":1,"name":"Startseite","item":"https:\/\/www.ewigerbund.org\/bayern\/"},{"@type":"ListItem","position":2,"name":"Startseite.","item":"https:\/\/www.ewigerbund.org\/bayern\/"},{"@type":"ListItem","position":3,"name":"HERZST\u00dcCK DES EWIGEN BUNDES.","item":"https:\/\/www.ewigerbund.org\/bayern\/startseite\/herz-eb\/"},{"@type":"ListItem","position":4,"name":"Wir in Bayern."}]},{"@type":"WebSite","@id":"https:\/\/www.ewigerbund.org\/bayern\/#website","url":"https:\/\/www.ewigerbund.org\/bayern\/","name":"K\u00f6nigreich Bayern","description":"im ewigen Bund.","publisher":{"@id":"https:\/\/www.ewigerbund.org\/bayern\/#organization"},"potentialAction":[{"@type":"SearchAction","target":{"@type":"EntryPoint","urlTemplate":"https:\/\/www.ewigerbund.org\/bayern\/?s={search_term_string}"},"query-input":"required name=search_term_string"}],"inLanguage":"de"},{"@type":"Organization","@id":"https:\/\/www.ewigerbund.org\/bayern\/#organization","name":"K\u00f6nigreich Bayern","url":"https:\/\/www.ewigerbund.org\/bayern\/","logo":{"@type":"ImageObject","inLanguage":"de","@id":"https:\/\/www.ewigerbund.org\/bayern\/#\/schema\/logo\/image\/","url":"https:\/\/www.ewigerbund.org\/bayern\/wp-content\/uploads\/sites\/12\/2023\/02\/2023-02-24-Logo-EB-Bayern-Schutzzone_Schatten_BGweiss_V2_1200px.png","contentUrl":"https:\/\/www.ewigerbund.org\/bayern\/wp-content\/uploads\/sites\/12\/2023\/02\/2023-02-24-Logo-EB-Bayern-Schutzzone_Schatten_BGweiss_V2_1200px.png","width":1200,"height":1200,"caption":"K\u00f6nigreich Bayern"},"image":{"@id":"https:\/\/www.ewigerbund.org\/bayern\/#\/schema\/logo\/image\/"}}]}},"_links":{"self":[{"href":"https:\/\/www.ewigerbund.org\/bayern\/wp-json\/wp\/v2\/pages\/1885","targetHints":{"allow":["GET"]}}],"collection":[{"href":"https:\/\/www.ewigerbund.org\/bayern\/wp-json\/wp\/v2\/pages"}],"about":[{"href":"https:\/\/www.ewigerbund.org\/bayern\/wp-json\/wp\/v2\/types\/page"}],"author":[{"embeddable":true,"href":"https:\/\/www.ewigerbund.org\/bayern\/wp-json\/wp\/v2\/users\/1"}],"replies":[{"embeddable":true,"href":"https:\/\/www.ewigerbund.org\/bayern\/wp-json\/wp\/v2\/comments?post=1885"}],"version-history":[{"count":33,"href":"https:\/\/www.ewigerbund.org\/bayern\/wp-json\/wp\/v2\/pages\/1885\/revisions"}],"predecessor-version":[{"id":4854,"href":"https:\/\/www.ewigerbund.org\/bayern\/wp-json\/wp\/v2\/pages\/1885\/revisions\/4854"}],"up":[{"embeddable":true,"href":"https:\/\/www.ewigerbund.org\/bayern\/wp-json\/wp\/v2\/pages\/1969"}],"wp:featuredmedia":[{"embeddable":true,"href":"https:\/\/www.ewigerbund.org\/bayern\/wp-json\/wp\/v2\/media\/2782"}],"wp:attachment":[{"href":"https:\/\/www.ewigerbund.org\/bayern\/wp-json\/wp\/v2\/media?parent=1885"}],"wp:term":[{"taxonomy":"category","embeddable":true,"href":"https:\/\/www.ewigerbund.org\/bayern\/wp-json\/wp\/v2\/categories?post=1885"},{"taxonomy":"post_tag","embeddable":true,"href":"https:\/\/www.ewigerbund.org\/bayern\/wp-json\/wp\/v2\/tags?post=1885"}],"curies":[{"name":"wp","href":"https:\/\/api.w.org\/{rel}","templated":true}]}}