{"id":1649,"date":"2023-01-17T10:17:00","date_gmt":"2023-01-17T09:17:00","guid":{"rendered":"https:\/\/www.ewigerbund.org\/bayern\/?page_id=1649"},"modified":"2023-01-18T22:13:58","modified_gmt":"2023-01-18T21:13:58","slug":"vom-staate-ueberhaupt-zweiter-theil","status":"publish","type":"page","link":"https:\/\/www.ewigerbund.org\/bayern\/vom-staate-ueberhaupt-zweiter-theil\/","title":{"rendered":"Vom Staate \u00fcberhaupt. Zweiter Teil."},"content":{"rendered":"\n<p class=\"has-medium-font-size\"><strong>Welchen Nutzen hat der Staat f\u00fcr mich?<\/strong><\/p>\n\n\n\n<p>Die Aufgaben des Staates wachsen mit seiner Entwicklung. Da ein Volk nur dann einen selbst\u00e4ndigen Staat bildet, wenn es sein Land frei und unabh\u00e4ngig von anderen V\u00f6lkern besitzt, so ist zun\u00e4chst schon im Beginn seiner Entwicklung seine Hauptaufgabe die Abwehr \u00e4u\u00dferer Feinde. Aber auch auf Wahrung des inneren Friedens mu\u00df der Staat alsbald bedacht sein gegen\u00fcber solchen Volksgenossen, welche, die f\u00fcr das Zusammenleben gegebenen notwendigen Vorschriften nicht achtend, dem Besitze, der Ehre oder dem Leben anderer zu nahe treten. Der Staat mu\u00df daher richtend und strafend die von ihm gegebene Rechtsordnung aufrechterhalten. In fr\u00fcherer Zeit (vgl. die Lehren des Philosophen Kant vom sog. Rechtsstaaten) hielt man damit die Aufgaben des Staates im Wesentlichen f\u00fcr ersch\u00f6pft. Mit Unrecht. F\u00fcr sein geistiges, sittliches, k\u00f6rperliches und wirtschaftliches Wohl kann der einzelne allein vielfach nicht gen\u00fcgend sorgen. In allen diesen Beziehungen mu\u00df daher, unbeschadet der Freiheit der Staatsb\u00fcrger, der Staat mit seiner st\u00e4rkeren Hand helfen und fordernd eingreifen.<\/p>\n\n\n\n<p>So sorgt er f\u00fcr den Unterricht durch Einrichtung von Schulen in verschiedensten Gattungen. Er wendet ferner gro\u00dfe Mittel auf zur Pflege der das Leben versch\u00f6nernden und verkl\u00e4renden K\u00fcnste und der Wissenschaften, deren Entwicklung nicht nur dem wirtschaftlichen und gesundheitlichen Fortschritt dient, sondern auch immer tiefer in die Wunder der Sch\u00f6pfung blicken l\u00e4sst. Den religi\u00f6sen Bed\u00fcrfnissen der Menschen wird der Staat durch Unterst\u00fctzung und F\u00f6rderung der kirchlichen Gemeinschaften gerecht. F\u00fcr die Gesundheit sorgt er durch Ausbildung des Heilpersonals, durch Einrichtung von Kliniken und Krankenh\u00e4usern, psychiatrische Heilanstalten, B\u00e4dern, Wasserleitungen und dergleichen, durch Beaufsichtigung des Verkehrs mit Nahrungsmitteln und durch mannigfache sonstige Vorkehrungen.<\/p>\n\n\n\n<p>Die Baupolizei, Feuerpolizei und Gewerbepolizei bezweckten die Sicherheit der Einzelnen und die Abwendung der Gefahren, welche mit den verschiedenen Gewerbebetrieben verkn\u00fcpft sind. Armen und Kranken leistet der Staat seine Hilfe und Unterst\u00fctzung. Durch Kranken-, Unfall-, Invaliden- und Altersversicherung wendet er den weniger bemittelten Klassen seine besondere F\u00fcrsorge zu. Die Landwirtschaft und die Viehzucht, die Forstwirtschaft und der Bergbau finden gleicherma\u00dfen Schutz und Unterst\u00fctzung durch den Staat. Er sorgt ferner f\u00fcr Pr\u00e4gung von Geldm\u00fcnzen, f\u00fcr Errichtung von Sparkassen und Banken, f\u00fcr genaue Regelung des Ma\u00df- und Gewichtswesens. Dadurch erm\u00f6glicht und f\u00f6rdert er einen lebhaften und ungest\u00f6rten Austausch der G\u00fcter. Ein \u00fcber das ganze Land verbreitetes, sorgf\u00e4ltig ausgebautes Netz von wohl unterhaltenen Stra\u00dfen, von Eisenbahnen, Poststellen und Telegraphen dient dem \u00f6rtlichen Verkehr der Menschen und Waren, sowie dem Austausch von Mitteilungen. Er \u00fcberbr\u00fcckt die Fl\u00fcsse, sorgt f\u00fcr ihre Schiffbarmachung, Eind\u00e4mmung gegen \u00dcberschwemmungsgefahr und schafft k\u00fcnstliche Wasserstra\u00dfen, die Kan\u00e4le.<\/p>\n\n\n\n<p>Die Kolonien, die der Staat gr\u00fcndet, bieten Absatzfelder f\u00fcr einheimische Erzeugnisse und neue, unter dem Schutze des Mutterlandes stehende Wohnsitze f\u00fcr Auswanderer. In fremden L\u00e4ndern sch\u00fctzt der Staat seine Angeh\u00f6rigen und deren Interessen durch seine Vertreter sowie durch Vertr\u00e4ge, welche er mit ausw\u00e4rtigen Regierungen abschlie\u00dft. Wie endlich das Landheer die Grenzen verteidigt, so schirmt eine starke Flotte den Handel der B\u00fcrger auf dem Weltmeere und leiht ihnen auch in fernen Erdteilen den Schutz des Vaterlandes.<\/p>\n\n\n\n<p class=\"has-medium-font-size\"><strong>Der Grundsatz sollte lauten:<\/strong><\/p>\n\n\n\n<ol class=\"wp-block-list\">\n<li>Gewissensfreiheit, das hei\u00dft Freiheit des religi\u00f6sen Bekenntnisses<\/li>\n\n\n\n<li>Freiheit der Meinung<\/li>\n\n\n\n<li>Gleiches Recht der Staatsangeh\u00f6rigen<\/li>\n\n\n\n<li>Gleichheit vor dem Gesetze<\/li>\n<\/ol>\n\n\n<div class=\"gb-button-wrapper gb-button-wrapper-51c561ee\">\n\n<a class=\"gb-button gb-button-debd4482 gb-button-text\" href=\"https:\/\/forum.bayern.ewigerbund.org\/viewtopic.php?t=509\" target=\"_blank\" rel=\"noopener noreferrer\">Dieser Beitrag hat dir gefallen? Hier kommentieren.<\/a>\n\n<\/div>\n\n\n<p><\/p>\n\n\n\n<div class=\"wp-block-columns is-layout-flex wp-container-core-columns-is-layout-1 wp-block-columns-is-layout-flex\">\n<div class=\"wp-block-column is-layout-flow wp-block-column-is-layout-flow\">\n<p><a href=\"https:\/\/www.ewigerbund.org\/bayern\/vom-staate-ueberhaupt-erster-theil\/\">&lt; &lt; Vom Staate \u00fcberhaupt. Erster Teil.<\/a><\/p>\n<\/div>\n\n\n\n<div class=\"wp-block-column is-layout-flow wp-block-column-is-layout-flow\"><\/div>\n<\/div>\n","protected":false},"excerpt":{"rendered":"<p>Welchen Nutzen hat der Staat f\u00fcr mich? Die Aufgaben des Staates wachsen mit seiner Entwicklung. Da ein Volk nur dann einen selbst\u00e4ndigen Staat bildet, wenn es sein Land frei und unabh\u00e4ngig von anderen V\u00f6lkern besitzt, so ist zun\u00e4chst schon im Beginn seiner Entwicklung seine Hauptaufgabe die Abwehr \u00e4u\u00dferer Feinde. Aber auch auf Wahrung des inneren &#8230; <a title=\"Vom Staate \u00fcberhaupt. Zweiter Teil.\" class=\"read-more\" href=\"https:\/\/www.ewigerbund.org\/bayern\/vom-staate-ueberhaupt-zweiter-theil\/\" aria-label=\"Mehr zu Vom Staate \u00fcberhaupt. Zweiter Teil.\">Weiterlesen &#8230;<\/a><\/p>\n","protected":false},"author":1,"featured_media":1665,"parent":0,"menu_order":0,"comment_status":"closed","ping_status":"closed","template":"","meta":{"footnotes":""},"categories":[1,6,94],"tags":[464,456,459,471,462,400,476,463,371,469,455,472,454,461,116,458,466,457,369,157,474,174,473,460,479,453,468,470,446,477,465,475,478,452,158],"class_list":["post-1649","page","type-page","status-publish","has-post-thumbnail","hentry","category-allgemein","category-bayern","category-staats-und-verwaltungsrecht","tag-altersversicherung","tag-ausbildung","tag-baeder","tag-banken","tag-baupolizei","tag-bergbau","tag-eisenbahnnetz","tag-feuerpolizei","tag-flotte","tag-forstwirtschaft","tag-fortschritt","tag-geldmuenzen","tag-gesundheit","tag-gewerbepolizei","tag-handel","tag-heilanstalten","tag-invalidenversicherung","tag-krankenhaeuser","tag-krankenversicherung","tag-kunst","tag-landheer","tag-landwirtschaft","tag-masse-und-gewichte","tag-nahrungsmittel","tag-post","tag-schulen","tag-schutz","tag-sparkassen","tag-staat","tag-strassennetz","tag-unfallversicherung","tag-vaterland","tag-viehzucht","tag-volk","tag-wissenschaft"],"yoast_head":"<!-- This site is optimized with the Yoast SEO plugin v23.1 - https:\/\/yoast.com\/wordpress\/plugins\/seo\/ -->\n<title>Vom Staate \u00fcberhaupt. Zweiter Teil. - K\u00f6nigreich Bayern<\/title>\n<meta name=\"robots\" content=\"index, follow, max-snippet:-1, max-image-preview:large, max-video-preview:-1\" \/>\n<link rel=\"canonical\" href=\"https:\/\/www.ewigerbund.org\/bayern\/vom-staate-ueberhaupt-zweiter-theil\/\" \/>\n<meta property=\"og:locale\" content=\"de_DE\" \/>\n<meta property=\"og:type\" content=\"article\" \/>\n<meta property=\"og:title\" content=\"Vom Staate \u00fcberhaupt. Zweiter Teil. - K\u00f6nigreich Bayern\" \/>\n<meta property=\"og:description\" content=\"Welchen Nutzen hat der Staat f\u00fcr mich? Die Aufgaben des Staates wachsen mit seiner Entwicklung. Da ein Volk nur dann einen selbst\u00e4ndigen Staat bildet, wenn es sein Land frei und unabh\u00e4ngig von anderen V\u00f6lkern besitzt, so ist zun\u00e4chst schon im Beginn seiner Entwicklung seine Hauptaufgabe die Abwehr \u00e4u\u00dferer Feinde. Aber auch auf Wahrung des inneren ... Weiterlesen ...\" \/>\n<meta property=\"og:url\" content=\"https:\/\/www.ewigerbund.org\/bayern\/vom-staate-ueberhaupt-zweiter-theil\/\" \/>\n<meta property=\"og:site_name\" content=\"K\u00f6nigreich Bayern\" \/>\n<meta property=\"article:modified_time\" content=\"2023-01-18T21:13:58+00:00\" \/>\n<meta property=\"og:image\" content=\"https:\/\/www.ewigerbund.org\/bayern\/wp-content\/uploads\/sites\/12\/2023\/01\/Vom_Staate_ueberhaupt_2._Theil.jpg\" \/>\n\t<meta property=\"og:image:width\" content=\"1200\" \/>\n\t<meta property=\"og:image:height\" content=\"682\" \/>\n\t<meta property=\"og:image:type\" content=\"image\/jpeg\" \/>\n<meta name=\"twitter:card\" content=\"summary_large_image\" \/>\n<meta name=\"twitter:label1\" content=\"Gesch\u00e4tzte Lesezeit\" \/>\n\t<meta name=\"twitter:data1\" content=\"3\u00a0Minuten\" \/>\n<script type=\"application\/ld+json\" class=\"yoast-schema-graph\">{\"@context\":\"https:\/\/schema.org\",\"@graph\":[{\"@type\":\"WebPage\",\"@id\":\"https:\/\/www.ewigerbund.org\/bayern\/vom-staate-ueberhaupt-zweiter-theil\/\",\"url\":\"https:\/\/www.ewigerbund.org\/bayern\/vom-staate-ueberhaupt-zweiter-theil\/\",\"name\":\"Vom Staate \u00fcberhaupt. Zweiter Teil. - K\u00f6nigreich Bayern\",\"isPartOf\":{\"@id\":\"https:\/\/www.ewigerbund.org\/bayern\/#website\"},\"primaryImageOfPage\":{\"@id\":\"https:\/\/www.ewigerbund.org\/bayern\/vom-staate-ueberhaupt-zweiter-theil\/#primaryimage\"},\"image\":{\"@id\":\"https:\/\/www.ewigerbund.org\/bayern\/vom-staate-ueberhaupt-zweiter-theil\/#primaryimage\"},\"thumbnailUrl\":\"https:\/\/www.ewigerbund.org\/bayern\/wp-content\/uploads\/sites\/12\/2023\/01\/Vom_Staate_ueberhaupt_2._Theil.jpg\",\"datePublished\":\"2023-01-17T09:17:00+00:00\",\"dateModified\":\"2023-01-18T21:13:58+00:00\",\"breadcrumb\":{\"@id\":\"https:\/\/www.ewigerbund.org\/bayern\/vom-staate-ueberhaupt-zweiter-theil\/#breadcrumb\"},\"inLanguage\":\"de\",\"potentialAction\":[{\"@type\":\"ReadAction\",\"target\":[\"https:\/\/www.ewigerbund.org\/bayern\/vom-staate-ueberhaupt-zweiter-theil\/\"]}]},{\"@type\":\"ImageObject\",\"inLanguage\":\"de\",\"@id\":\"https:\/\/www.ewigerbund.org\/bayern\/vom-staate-ueberhaupt-zweiter-theil\/#primaryimage\",\"url\":\"https:\/\/www.ewigerbund.org\/bayern\/wp-content\/uploads\/sites\/12\/2023\/01\/Vom_Staate_ueberhaupt_2._Theil.jpg\",\"contentUrl\":\"https:\/\/www.ewigerbund.org\/bayern\/wp-content\/uploads\/sites\/12\/2023\/01\/Vom_Staate_ueberhaupt_2._Theil.jpg\",\"width\":1200,\"height\":682},{\"@type\":\"BreadcrumbList\",\"@id\":\"https:\/\/www.ewigerbund.org\/bayern\/vom-staate-ueberhaupt-zweiter-theil\/#breadcrumb\",\"itemListElement\":[{\"@type\":\"ListItem\",\"position\":1,\"name\":\"Startseite\",\"item\":\"https:\/\/www.ewigerbund.org\/bayern\/\"},{\"@type\":\"ListItem\",\"position\":2,\"name\":\"Vom Staate \u00fcberhaupt. Zweiter Teil.\"}]},{\"@type\":\"WebSite\",\"@id\":\"https:\/\/www.ewigerbund.org\/bayern\/#website\",\"url\":\"https:\/\/www.ewigerbund.org\/bayern\/\",\"name\":\"K\u00f6nigreich Bayern\",\"description\":\"im ewigen Bund.\",\"publisher\":{\"@id\":\"https:\/\/www.ewigerbund.org\/bayern\/#organization\"},\"potentialAction\":[{\"@type\":\"SearchAction\",\"target\":{\"@type\":\"EntryPoint\",\"urlTemplate\":\"https:\/\/www.ewigerbund.org\/bayern\/?s={search_term_string}\"},\"query-input\":\"required name=search_term_string\"}],\"inLanguage\":\"de\"},{\"@type\":\"Organization\",\"@id\":\"https:\/\/www.ewigerbund.org\/bayern\/#organization\",\"name\":\"K\u00f6nigreich Bayern\",\"url\":\"https:\/\/www.ewigerbund.org\/bayern\/\",\"logo\":{\"@type\":\"ImageObject\",\"inLanguage\":\"de\",\"@id\":\"https:\/\/www.ewigerbund.org\/bayern\/#\/schema\/logo\/image\/\",\"url\":\"https:\/\/www.ewigerbund.org\/bayern\/wp-content\/uploads\/sites\/12\/2023\/02\/2023-02-24-Logo-EB-Bayern-Schutzzone_Schatten_BGweiss_V2_1200px.png\",\"contentUrl\":\"https:\/\/www.ewigerbund.org\/bayern\/wp-content\/uploads\/sites\/12\/2023\/02\/2023-02-24-Logo-EB-Bayern-Schutzzone_Schatten_BGweiss_V2_1200px.png\",\"width\":1200,\"height\":1200,\"caption\":\"K\u00f6nigreich Bayern\"},\"image\":{\"@id\":\"https:\/\/www.ewigerbund.org\/bayern\/#\/schema\/logo\/image\/\"}}]}<\/script>\n<!-- \/ Yoast SEO plugin. -->","yoast_head_json":{"title":"Vom Staate \u00fcberhaupt. Zweiter Teil. - K\u00f6nigreich Bayern","robots":{"index":"index","follow":"follow","max-snippet":"max-snippet:-1","max-image-preview":"max-image-preview:large","max-video-preview":"max-video-preview:-1"},"canonical":"https:\/\/www.ewigerbund.org\/bayern\/vom-staate-ueberhaupt-zweiter-theil\/","og_locale":"de_DE","og_type":"article","og_title":"Vom Staate \u00fcberhaupt. Zweiter Teil. - K\u00f6nigreich Bayern","og_description":"Welchen Nutzen hat der Staat f\u00fcr mich? Die Aufgaben des Staates wachsen mit seiner Entwicklung. Da ein Volk nur dann einen selbst\u00e4ndigen Staat bildet, wenn es sein Land frei und unabh\u00e4ngig von anderen V\u00f6lkern besitzt, so ist zun\u00e4chst schon im Beginn seiner Entwicklung seine Hauptaufgabe die Abwehr \u00e4u\u00dferer Feinde. Aber auch auf Wahrung des inneren ... Weiterlesen ...","og_url":"https:\/\/www.ewigerbund.org\/bayern\/vom-staate-ueberhaupt-zweiter-theil\/","og_site_name":"K\u00f6nigreich Bayern","article_modified_time":"2023-01-18T21:13:58+00:00","og_image":[{"width":1200,"height":682,"url":"https:\/\/www.ewigerbund.org\/bayern\/wp-content\/uploads\/sites\/12\/2023\/01\/Vom_Staate_ueberhaupt_2._Theil.jpg","type":"image\/jpeg"}],"twitter_card":"summary_large_image","twitter_misc":{"Gesch\u00e4tzte Lesezeit":"3\u00a0Minuten"},"schema":{"@context":"https:\/\/schema.org","@graph":[{"@type":"WebPage","@id":"https:\/\/www.ewigerbund.org\/bayern\/vom-staate-ueberhaupt-zweiter-theil\/","url":"https:\/\/www.ewigerbund.org\/bayern\/vom-staate-ueberhaupt-zweiter-theil\/","name":"Vom Staate \u00fcberhaupt. Zweiter Teil. - K\u00f6nigreich Bayern","isPartOf":{"@id":"https:\/\/www.ewigerbund.org\/bayern\/#website"},"primaryImageOfPage":{"@id":"https:\/\/www.ewigerbund.org\/bayern\/vom-staate-ueberhaupt-zweiter-theil\/#primaryimage"},"image":{"@id":"https:\/\/www.ewigerbund.org\/bayern\/vom-staate-ueberhaupt-zweiter-theil\/#primaryimage"},"thumbnailUrl":"https:\/\/www.ewigerbund.org\/bayern\/wp-content\/uploads\/sites\/12\/2023\/01\/Vom_Staate_ueberhaupt_2._Theil.jpg","datePublished":"2023-01-17T09:17:00+00:00","dateModified":"2023-01-18T21:13:58+00:00","breadcrumb":{"@id":"https:\/\/www.ewigerbund.org\/bayern\/vom-staate-ueberhaupt-zweiter-theil\/#breadcrumb"},"inLanguage":"de","potentialAction":[{"@type":"ReadAction","target":["https:\/\/www.ewigerbund.org\/bayern\/vom-staate-ueberhaupt-zweiter-theil\/"]}]},{"@type":"ImageObject","inLanguage":"de","@id":"https:\/\/www.ewigerbund.org\/bayern\/vom-staate-ueberhaupt-zweiter-theil\/#primaryimage","url":"https:\/\/www.ewigerbund.org\/bayern\/wp-content\/uploads\/sites\/12\/2023\/01\/Vom_Staate_ueberhaupt_2._Theil.jpg","contentUrl":"https:\/\/www.ewigerbund.org\/bayern\/wp-content\/uploads\/sites\/12\/2023\/01\/Vom_Staate_ueberhaupt_2._Theil.jpg","width":1200,"height":682},{"@type":"BreadcrumbList","@id":"https:\/\/www.ewigerbund.org\/bayern\/vom-staate-ueberhaupt-zweiter-theil\/#breadcrumb","itemListElement":[{"@type":"ListItem","position":1,"name":"Startseite","item":"https:\/\/www.ewigerbund.org\/bayern\/"},{"@type":"ListItem","position":2,"name":"Vom Staate \u00fcberhaupt. Zweiter Teil."}]},{"@type":"WebSite","@id":"https:\/\/www.ewigerbund.org\/bayern\/#website","url":"https:\/\/www.ewigerbund.org\/bayern\/","name":"K\u00f6nigreich Bayern","description":"im ewigen Bund.","publisher":{"@id":"https:\/\/www.ewigerbund.org\/bayern\/#organization"},"potentialAction":[{"@type":"SearchAction","target":{"@type":"EntryPoint","urlTemplate":"https:\/\/www.ewigerbund.org\/bayern\/?s={search_term_string}"},"query-input":"required name=search_term_string"}],"inLanguage":"de"},{"@type":"Organization","@id":"https:\/\/www.ewigerbund.org\/bayern\/#organization","name":"K\u00f6nigreich Bayern","url":"https:\/\/www.ewigerbund.org\/bayern\/","logo":{"@type":"ImageObject","inLanguage":"de","@id":"https:\/\/www.ewigerbund.org\/bayern\/#\/schema\/logo\/image\/","url":"https:\/\/www.ewigerbund.org\/bayern\/wp-content\/uploads\/sites\/12\/2023\/02\/2023-02-24-Logo-EB-Bayern-Schutzzone_Schatten_BGweiss_V2_1200px.png","contentUrl":"https:\/\/www.ewigerbund.org\/bayern\/wp-content\/uploads\/sites\/12\/2023\/02\/2023-02-24-Logo-EB-Bayern-Schutzzone_Schatten_BGweiss_V2_1200px.png","width":1200,"height":1200,"caption":"K\u00f6nigreich Bayern"},"image":{"@id":"https:\/\/www.ewigerbund.org\/bayern\/#\/schema\/logo\/image\/"}}]}},"_links":{"self":[{"href":"https:\/\/www.ewigerbund.org\/bayern\/wp-json\/wp\/v2\/pages\/1649","targetHints":{"allow":["GET"]}}],"collection":[{"href":"https:\/\/www.ewigerbund.org\/bayern\/wp-json\/wp\/v2\/pages"}],"about":[{"href":"https:\/\/www.ewigerbund.org\/bayern\/wp-json\/wp\/v2\/types\/page"}],"author":[{"embeddable":true,"href":"https:\/\/www.ewigerbund.org\/bayern\/wp-json\/wp\/v2\/users\/1"}],"replies":[{"embeddable":true,"href":"https:\/\/www.ewigerbund.org\/bayern\/wp-json\/wp\/v2\/comments?post=1649"}],"version-history":[{"count":7,"href":"https:\/\/www.ewigerbund.org\/bayern\/wp-json\/wp\/v2\/pages\/1649\/revisions"}],"predecessor-version":[{"id":1681,"href":"https:\/\/www.ewigerbund.org\/bayern\/wp-json\/wp\/v2\/pages\/1649\/revisions\/1681"}],"wp:featuredmedia":[{"embeddable":true,"href":"https:\/\/www.ewigerbund.org\/bayern\/wp-json\/wp\/v2\/media\/1665"}],"wp:attachment":[{"href":"https:\/\/www.ewigerbund.org\/bayern\/wp-json\/wp\/v2\/media?parent=1649"}],"wp:term":[{"taxonomy":"category","embeddable":true,"href":"https:\/\/www.ewigerbund.org\/bayern\/wp-json\/wp\/v2\/categories?post=1649"},{"taxonomy":"post_tag","embeddable":true,"href":"https:\/\/www.ewigerbund.org\/bayern\/wp-json\/wp\/v2\/tags?post=1649"}],"curies":[{"name":"wp","href":"https:\/\/api.w.org\/{rel}","templated":true}]}}