{"id":1615,"date":"2023-01-11T22:57:17","date_gmt":"2023-01-11T21:57:17","guid":{"rendered":"https:\/\/www.ewigerbund.org\/bayern\/?page_id=1615"},"modified":"2023-01-18T22:13:30","modified_gmt":"2023-01-18T21:13:30","slug":"vom-staate-ueberhaupt-erster-theil","status":"publish","type":"page","link":"https:\/\/www.ewigerbund.org\/bayern\/vom-staate-ueberhaupt-erster-theil\/","title":{"rendered":"Vom Staate \u00fcberhaupt. Erster Teil."},"content":{"rendered":"\n<p class=\"has-medium-font-size\"><strong>Ich m\u00f6chte frei leben und niemand soll mir sagen was ich zu tun habe. Wieso ben\u00f6tige ich \u00fcberhaupt einen Staat und Gesetze?<\/strong><\/p>\n\n\n\n<p style=\"font-size:17px\">Die urspr\u00fcnglichste und engste Vereinigung mehrerer Menschen ist die Familie, deren Bestand sich gr\u00fcndet auf die durch die Natur dem Menschen eingegebene Liebe und F\u00fcrsorge der Gatten zueinander und zu den gemeinschaftlichen Kindern. Sie ist nicht nur die Heimat des reinsten dem Menschen beschiedenen Gl\u00fcckes, sondern zu gleich die Pflanzst\u00e4tte der wertvollsten menschlichen Tugenden, n\u00e4mlich der Treue und der selbstlosen, freiwilligen Unterordnung und Hingabe an Andere, ohne welche eine Weiterentwicklung und Vervollkommnung des Menschengeschlechtes nicht m\u00f6glich w\u00e4re.<\/p>\n\n\n\n<p style=\"font-size:17px\"><strong>Daher bildet die Familie auch die Grundlage eines jeden Volkes: wenn ihre Bande in einem Volk sich lockern und zerfallen, ist regelm\u00e4\u00dfig auch das Volk selbst dem Untergange nah.<\/strong><\/p>\n\n\n\n<p>Aus den Familien entwickeln sich naturgem\u00e4\u00df durch Heirat der Kinder die Geschlechter oder St\u00e4mme, d.h. die Vereinigungen der durch Verwandtschaft zusammengeh\u00f6rigen Familien. Die durch Gemeinsamkeit der Abstammung, Sprache und Sitte miteinander verbundenen Geschlechter und St\u00e4mme endlich bilden zusammen ein Volk. So lange ein solches Volk aber noch keinen Ackerbau treibt, sondern von der Jagd, dem Fischfang oder der Viehzucht lebt und st\u00e4ndig seinen Wohnsitz wechselt (sog. Nomadenv\u00f6lker), bildet es noch keinen eigentlichen Staat. Sobald es jedoch se\u00dfhaft geworden, wird es, durch die Notwendigkeit, sein Gebiet gegen \u00e4u\u00dfere Feinde zu sch\u00fctzen, gezwungen, sich n\u00e4her zusammenzuschlie\u00dfen. Das Zusammenleben auf festen Wohnsitzen erfordert ferner die Aufstellung allgemein g\u00fcltiger Vorschriften, deren Beachtung n\u00f6tigenfalls gegen\u00fcber dem Einzelnen erzwungen werden mu\u00df. So entsteht das ungeschriebene und das geschriebene Recht eines Volkes, so entsteht ein Staat, d.h. eine Volksgemeinschaft, welche allgemein verbindliche Vorschriften \u00fcber sich anerkennt und zur Wahrung ihrer gemeinsamen Interessen eine gemeinsame Organisation besitzt.<\/p>\n\n\n\n<p>Wir ersehen hieraus, da\u00df ein Staat in der Regel weder auf die Gewalt oder List der St\u00e4rkeren sich gr\u00fcndet noch (wie Rousseau im 18. Jahrhundert lehrte) auf Vertrag beruht. Das Leben und die Entwicklung der V\u00f6lker wird vielmehr, wie das Weltall \u00fcberhaupt, von den Naturgesetzen beherrscht, und diese sind es, die mit der ihnen innewohnenden Notwendigkeit die V\u00f6lkergemeinschaften im Verlaufe ihrer Entwicklung zu Staaten formen, und zwar zumeist, ohne da\u00df die einzelnen Menschen hierbei bewusst handeln.<\/p>\n\n\n\n<p>Keine Gemeinschaft von Menschen kann bestehen ohne bestimmte, f\u00fcr alle Gemeinschaftsglieder verbindliche Vorschriften. Sogar die Kinder verabreden, wenn sie sich zu ihren Spielen vereinigen, zur Verh\u00fctung von Streit, feste Spielregeln. In jeder Familie mu\u00df es, wenn nicht Unordnung und Unfrieden einkehren soll, eine Hausordnung geben, nach der sich alle Familienglieder richten m\u00fcssen. Noch viel wichtiger und unentbehrlicher sind naturgem\u00e4\u00df solche allgemein g\u00fcltigen Vorschriften im Staate, in welchem auf engem Raume eine gro\u00dfe Anzahl verschieden gesinnter Menschen leben, die zueinander in zahlreichen Beziehungen verschiedenster Art stehen.<\/p>\n\n\n\n<p>Wollte da jeder tun, was ihm beliebt, so w\u00fcrde die Verwirrung allgemein sein, Unordnung und Gewalttat w\u00fcrden herrschen, der Krieg aller gegen alle w\u00fcrde entbrennen. Ein kleines <a href=\"https:\/\/www.ewigerbund.org\/bayern\/geschichte\/rudolf-von-habsburg\/\">Beispiel aus der Geschichte<\/a> verdeutlicht die Notwendigkeit eines funktionierenden Staates und einer gesetzlichen Regelung:<\/p>\n\n\n\n<p>\u201eGegen Ende des 13. Jahrhunderts sank in Deutschland das kaiserliche Ansehen immer mehr. Die m\u00e4chtigen Gro\u00dfen des Reiches thaten, was ihnen beliebte; niemand wollte mehr gehorchen. Da kein deutscher F\u00fcrst die Kaiserkrone tragen mochte, so wurden nacheinander zwei Ausl\u00e4nder gew\u00e4hlt. Das waren aber nur Scheinkaiser; sie hielten sich von Deutschland ferne und dasselbe war in der That kaiserlos. Dies war eine schreckliche Zeit; es galt kein Recht und kein Gesetz; es gab keine Richter. Jeder half sich selbst; jeden Streit entschieden die F\u00e4uste, und die st\u00e4rkste behielt Recht.\u201c<\/p>\n\n\n<div class=\"gb-button-wrapper gb-button-wrapper-dbae938e\">\n\n<a class=\"gb-button gb-button-bfb7669c gb-button-text\" href=\"https:\/\/forum.bayern.ewigerbund.org\/viewtopic.php?t=505\" target=\"_blank\" rel=\"noopener noreferrer\">Dieser Beitrag hat dir gefallen? Hier kommentieren.<\/a>\n\n<\/div>\n\n\n<p><\/p>\n\n\n\n<p class=\"has-small-font-size\"><em>Quelle: Realienbuch (Ausgabe f\u00fcr protestantische Schulen) Seite 271, M\u00fcnchen 1879. Quelle des Zitat: Deutsches Lesebuch. F\u00fcr das Bed\u00fcrfni\u00df ungetheilter Volksschulen bearbeitet.<\/em><\/p>\n\n\n\n<div class=\"wp-block-columns is-layout-flex wp-container-core-columns-is-layout-1 wp-block-columns-is-layout-flex\">\n<div class=\"wp-block-column is-layout-flow wp-block-column-is-layout-flow\">\n<p class=\"has-text-align-right\"><a href=\"https:\/\/www.ewigerbund.org\/bayern\/vom-staate-ueberhaupt-zweiter-theil\/\">Vom Staate \u00fcberhaupt. Zweiter Teil. &gt;&gt;<\/a><\/p>\n<\/div>\n<\/div>\n","protected":false},"excerpt":{"rendered":"<p>Ich m\u00f6chte frei leben und niemand soll mir sagen was ich zu tun habe. Wieso ben\u00f6tige ich \u00fcberhaupt einen Staat und Gesetze? Die urspr\u00fcnglichste und engste Vereinigung mehrerer Menschen ist die Familie, deren Bestand sich gr\u00fcndet auf die durch die Natur dem Menschen eingegebene Liebe und F\u00fcrsorge der Gatten zueinander und zu den gemeinschaftlichen Kindern. &#8230; <a title=\"Vom Staate \u00fcberhaupt. Erster Teil.\" class=\"read-more\" href=\"https:\/\/www.ewigerbund.org\/bayern\/vom-staate-ueberhaupt-erster-theil\/\" aria-label=\"Mehr zu Vom Staate \u00fcberhaupt. Erster Teil.\">Weiterlesen &#8230;<\/a><\/p>\n","protected":false},"author":1,"featured_media":1617,"parent":0,"menu_order":0,"comment_status":"closed","ping_status":"closed","template":"","meta":{"footnotes":""},"categories":[1,6,94],"tags":[449,445,447,368,450,446,451,448],"class_list":["post-1615","page","type-page","status-publish","has-post-thumbnail","hentry","category-allgemein","category-bayern","category-staats-und-verwaltungsrecht","tag-familie","tag-freiheit","tag-gesetze","tag-recht","tag-sitte","tag-staat","tag-staemme","tag-voelker"],"yoast_head":"<!-- This site is optimized with the Yoast SEO plugin v23.1 - https:\/\/yoast.com\/wordpress\/plugins\/seo\/ -->\n<title>Vom Staate \u00fcberhaupt. Erster Teil. - K\u00f6nigreich Bayern<\/title>\n<meta name=\"robots\" content=\"index, follow, max-snippet:-1, max-image-preview:large, max-video-preview:-1\" \/>\n<link rel=\"canonical\" href=\"https:\/\/www.ewigerbund.org\/bayern\/vom-staate-ueberhaupt-erster-theil\/\" \/>\n<meta property=\"og:locale\" content=\"de_DE\" \/>\n<meta property=\"og:type\" content=\"article\" \/>\n<meta property=\"og:title\" content=\"Vom Staate \u00fcberhaupt. Erster Teil. - K\u00f6nigreich Bayern\" \/>\n<meta property=\"og:description\" content=\"Ich m\u00f6chte frei leben und niemand soll mir sagen was ich zu tun habe. Wieso ben\u00f6tige ich \u00fcberhaupt einen Staat und Gesetze? Die urspr\u00fcnglichste und engste Vereinigung mehrerer Menschen ist die Familie, deren Bestand sich gr\u00fcndet auf die durch die Natur dem Menschen eingegebene Liebe und F\u00fcrsorge der Gatten zueinander und zu den gemeinschaftlichen Kindern. ... Weiterlesen ...\" \/>\n<meta property=\"og:url\" content=\"https:\/\/www.ewigerbund.org\/bayern\/vom-staate-ueberhaupt-erster-theil\/\" \/>\n<meta property=\"og:site_name\" content=\"K\u00f6nigreich Bayern\" \/>\n<meta property=\"article:modified_time\" content=\"2023-01-18T21:13:30+00:00\" \/>\n<meta property=\"og:image\" content=\"https:\/\/www.ewigerbund.org\/bayern\/wp-content\/uploads\/sites\/12\/2023\/01\/Vom_Staate_ueberhaupt_1._Theil.png\" \/>\n\t<meta property=\"og:image:width\" content=\"1200\" \/>\n\t<meta property=\"og:image:height\" content=\"680\" \/>\n\t<meta property=\"og:image:type\" content=\"image\/png\" \/>\n<meta name=\"twitter:card\" content=\"summary_large_image\" \/>\n<meta name=\"twitter:label1\" content=\"Gesch\u00e4tzte Lesezeit\" \/>\n\t<meta name=\"twitter:data1\" content=\"4\u00a0Minuten\" \/>\n<script type=\"application\/ld+json\" class=\"yoast-schema-graph\">{\"@context\":\"https:\/\/schema.org\",\"@graph\":[{\"@type\":\"WebPage\",\"@id\":\"https:\/\/www.ewigerbund.org\/bayern\/vom-staate-ueberhaupt-erster-theil\/\",\"url\":\"https:\/\/www.ewigerbund.org\/bayern\/vom-staate-ueberhaupt-erster-theil\/\",\"name\":\"Vom Staate \u00fcberhaupt. Erster Teil. - K\u00f6nigreich Bayern\",\"isPartOf\":{\"@id\":\"https:\/\/www.ewigerbund.org\/bayern\/#website\"},\"primaryImageOfPage\":{\"@id\":\"https:\/\/www.ewigerbund.org\/bayern\/vom-staate-ueberhaupt-erster-theil\/#primaryimage\"},\"image\":{\"@id\":\"https:\/\/www.ewigerbund.org\/bayern\/vom-staate-ueberhaupt-erster-theil\/#primaryimage\"},\"thumbnailUrl\":\"https:\/\/www.ewigerbund.org\/bayern\/wp-content\/uploads\/sites\/12\/2023\/01\/Vom_Staate_ueberhaupt_1._Theil.png\",\"datePublished\":\"2023-01-11T21:57:17+00:00\",\"dateModified\":\"2023-01-18T21:13:30+00:00\",\"breadcrumb\":{\"@id\":\"https:\/\/www.ewigerbund.org\/bayern\/vom-staate-ueberhaupt-erster-theil\/#breadcrumb\"},\"inLanguage\":\"de\",\"potentialAction\":[{\"@type\":\"ReadAction\",\"target\":[\"https:\/\/www.ewigerbund.org\/bayern\/vom-staate-ueberhaupt-erster-theil\/\"]}]},{\"@type\":\"ImageObject\",\"inLanguage\":\"de\",\"@id\":\"https:\/\/www.ewigerbund.org\/bayern\/vom-staate-ueberhaupt-erster-theil\/#primaryimage\",\"url\":\"https:\/\/www.ewigerbund.org\/bayern\/wp-content\/uploads\/sites\/12\/2023\/01\/Vom_Staate_ueberhaupt_1._Theil.png\",\"contentUrl\":\"https:\/\/www.ewigerbund.org\/bayern\/wp-content\/uploads\/sites\/12\/2023\/01\/Vom_Staate_ueberhaupt_1._Theil.png\",\"width\":1200,\"height\":680},{\"@type\":\"BreadcrumbList\",\"@id\":\"https:\/\/www.ewigerbund.org\/bayern\/vom-staate-ueberhaupt-erster-theil\/#breadcrumb\",\"itemListElement\":[{\"@type\":\"ListItem\",\"position\":1,\"name\":\"Startseite\",\"item\":\"https:\/\/www.ewigerbund.org\/bayern\/\"},{\"@type\":\"ListItem\",\"position\":2,\"name\":\"Vom Staate \u00fcberhaupt. Erster Teil.\"}]},{\"@type\":\"WebSite\",\"@id\":\"https:\/\/www.ewigerbund.org\/bayern\/#website\",\"url\":\"https:\/\/www.ewigerbund.org\/bayern\/\",\"name\":\"K\u00f6nigreich Bayern\",\"description\":\"im ewigen Bund.\",\"publisher\":{\"@id\":\"https:\/\/www.ewigerbund.org\/bayern\/#organization\"},\"potentialAction\":[{\"@type\":\"SearchAction\",\"target\":{\"@type\":\"EntryPoint\",\"urlTemplate\":\"https:\/\/www.ewigerbund.org\/bayern\/?s={search_term_string}\"},\"query-input\":\"required name=search_term_string\"}],\"inLanguage\":\"de\"},{\"@type\":\"Organization\",\"@id\":\"https:\/\/www.ewigerbund.org\/bayern\/#organization\",\"name\":\"K\u00f6nigreich Bayern\",\"url\":\"https:\/\/www.ewigerbund.org\/bayern\/\",\"logo\":{\"@type\":\"ImageObject\",\"inLanguage\":\"de\",\"@id\":\"https:\/\/www.ewigerbund.org\/bayern\/#\/schema\/logo\/image\/\",\"url\":\"https:\/\/www.ewigerbund.org\/bayern\/wp-content\/uploads\/sites\/12\/2023\/02\/2023-02-24-Logo-EB-Bayern-Schutzzone_Schatten_BGweiss_V2_1200px.png\",\"contentUrl\":\"https:\/\/www.ewigerbund.org\/bayern\/wp-content\/uploads\/sites\/12\/2023\/02\/2023-02-24-Logo-EB-Bayern-Schutzzone_Schatten_BGweiss_V2_1200px.png\",\"width\":1200,\"height\":1200,\"caption\":\"K\u00f6nigreich Bayern\"},\"image\":{\"@id\":\"https:\/\/www.ewigerbund.org\/bayern\/#\/schema\/logo\/image\/\"}}]}<\/script>\n<!-- \/ Yoast SEO plugin. -->","yoast_head_json":{"title":"Vom Staate \u00fcberhaupt. Erster Teil. - K\u00f6nigreich Bayern","robots":{"index":"index","follow":"follow","max-snippet":"max-snippet:-1","max-image-preview":"max-image-preview:large","max-video-preview":"max-video-preview:-1"},"canonical":"https:\/\/www.ewigerbund.org\/bayern\/vom-staate-ueberhaupt-erster-theil\/","og_locale":"de_DE","og_type":"article","og_title":"Vom Staate \u00fcberhaupt. Erster Teil. - K\u00f6nigreich Bayern","og_description":"Ich m\u00f6chte frei leben und niemand soll mir sagen was ich zu tun habe. Wieso ben\u00f6tige ich \u00fcberhaupt einen Staat und Gesetze? Die urspr\u00fcnglichste und engste Vereinigung mehrerer Menschen ist die Familie, deren Bestand sich gr\u00fcndet auf die durch die Natur dem Menschen eingegebene Liebe und F\u00fcrsorge der Gatten zueinander und zu den gemeinschaftlichen Kindern. ... Weiterlesen ...","og_url":"https:\/\/www.ewigerbund.org\/bayern\/vom-staate-ueberhaupt-erster-theil\/","og_site_name":"K\u00f6nigreich Bayern","article_modified_time":"2023-01-18T21:13:30+00:00","og_image":[{"width":1200,"height":680,"url":"https:\/\/www.ewigerbund.org\/bayern\/wp-content\/uploads\/sites\/12\/2023\/01\/Vom_Staate_ueberhaupt_1._Theil.png","type":"image\/png"}],"twitter_card":"summary_large_image","twitter_misc":{"Gesch\u00e4tzte Lesezeit":"4\u00a0Minuten"},"schema":{"@context":"https:\/\/schema.org","@graph":[{"@type":"WebPage","@id":"https:\/\/www.ewigerbund.org\/bayern\/vom-staate-ueberhaupt-erster-theil\/","url":"https:\/\/www.ewigerbund.org\/bayern\/vom-staate-ueberhaupt-erster-theil\/","name":"Vom Staate \u00fcberhaupt. Erster Teil. - K\u00f6nigreich Bayern","isPartOf":{"@id":"https:\/\/www.ewigerbund.org\/bayern\/#website"},"primaryImageOfPage":{"@id":"https:\/\/www.ewigerbund.org\/bayern\/vom-staate-ueberhaupt-erster-theil\/#primaryimage"},"image":{"@id":"https:\/\/www.ewigerbund.org\/bayern\/vom-staate-ueberhaupt-erster-theil\/#primaryimage"},"thumbnailUrl":"https:\/\/www.ewigerbund.org\/bayern\/wp-content\/uploads\/sites\/12\/2023\/01\/Vom_Staate_ueberhaupt_1._Theil.png","datePublished":"2023-01-11T21:57:17+00:00","dateModified":"2023-01-18T21:13:30+00:00","breadcrumb":{"@id":"https:\/\/www.ewigerbund.org\/bayern\/vom-staate-ueberhaupt-erster-theil\/#breadcrumb"},"inLanguage":"de","potentialAction":[{"@type":"ReadAction","target":["https:\/\/www.ewigerbund.org\/bayern\/vom-staate-ueberhaupt-erster-theil\/"]}]},{"@type":"ImageObject","inLanguage":"de","@id":"https:\/\/www.ewigerbund.org\/bayern\/vom-staate-ueberhaupt-erster-theil\/#primaryimage","url":"https:\/\/www.ewigerbund.org\/bayern\/wp-content\/uploads\/sites\/12\/2023\/01\/Vom_Staate_ueberhaupt_1._Theil.png","contentUrl":"https:\/\/www.ewigerbund.org\/bayern\/wp-content\/uploads\/sites\/12\/2023\/01\/Vom_Staate_ueberhaupt_1._Theil.png","width":1200,"height":680},{"@type":"BreadcrumbList","@id":"https:\/\/www.ewigerbund.org\/bayern\/vom-staate-ueberhaupt-erster-theil\/#breadcrumb","itemListElement":[{"@type":"ListItem","position":1,"name":"Startseite","item":"https:\/\/www.ewigerbund.org\/bayern\/"},{"@type":"ListItem","position":2,"name":"Vom Staate \u00fcberhaupt. Erster Teil."}]},{"@type":"WebSite","@id":"https:\/\/www.ewigerbund.org\/bayern\/#website","url":"https:\/\/www.ewigerbund.org\/bayern\/","name":"K\u00f6nigreich Bayern","description":"im ewigen Bund.","publisher":{"@id":"https:\/\/www.ewigerbund.org\/bayern\/#organization"},"potentialAction":[{"@type":"SearchAction","target":{"@type":"EntryPoint","urlTemplate":"https:\/\/www.ewigerbund.org\/bayern\/?s={search_term_string}"},"query-input":"required name=search_term_string"}],"inLanguage":"de"},{"@type":"Organization","@id":"https:\/\/www.ewigerbund.org\/bayern\/#organization","name":"K\u00f6nigreich Bayern","url":"https:\/\/www.ewigerbund.org\/bayern\/","logo":{"@type":"ImageObject","inLanguage":"de","@id":"https:\/\/www.ewigerbund.org\/bayern\/#\/schema\/logo\/image\/","url":"https:\/\/www.ewigerbund.org\/bayern\/wp-content\/uploads\/sites\/12\/2023\/02\/2023-02-24-Logo-EB-Bayern-Schutzzone_Schatten_BGweiss_V2_1200px.png","contentUrl":"https:\/\/www.ewigerbund.org\/bayern\/wp-content\/uploads\/sites\/12\/2023\/02\/2023-02-24-Logo-EB-Bayern-Schutzzone_Schatten_BGweiss_V2_1200px.png","width":1200,"height":1200,"caption":"K\u00f6nigreich Bayern"},"image":{"@id":"https:\/\/www.ewigerbund.org\/bayern\/#\/schema\/logo\/image\/"}}]}},"_links":{"self":[{"href":"https:\/\/www.ewigerbund.org\/bayern\/wp-json\/wp\/v2\/pages\/1615","targetHints":{"allow":["GET"]}}],"collection":[{"href":"https:\/\/www.ewigerbund.org\/bayern\/wp-json\/wp\/v2\/pages"}],"about":[{"href":"https:\/\/www.ewigerbund.org\/bayern\/wp-json\/wp\/v2\/types\/page"}],"author":[{"embeddable":true,"href":"https:\/\/www.ewigerbund.org\/bayern\/wp-json\/wp\/v2\/users\/1"}],"replies":[{"embeddable":true,"href":"https:\/\/www.ewigerbund.org\/bayern\/wp-json\/wp\/v2\/comments?post=1615"}],"version-history":[{"count":12,"href":"https:\/\/www.ewigerbund.org\/bayern\/wp-json\/wp\/v2\/pages\/1615\/revisions"}],"predecessor-version":[{"id":1680,"href":"https:\/\/www.ewigerbund.org\/bayern\/wp-json\/wp\/v2\/pages\/1615\/revisions\/1680"}],"wp:featuredmedia":[{"embeddable":true,"href":"https:\/\/www.ewigerbund.org\/bayern\/wp-json\/wp\/v2\/media\/1617"}],"wp:attachment":[{"href":"https:\/\/www.ewigerbund.org\/bayern\/wp-json\/wp\/v2\/media?parent=1615"}],"wp:term":[{"taxonomy":"category","embeddable":true,"href":"https:\/\/www.ewigerbund.org\/bayern\/wp-json\/wp\/v2\/categories?post=1615"},{"taxonomy":"post_tag","embeddable":true,"href":"https:\/\/www.ewigerbund.org\/bayern\/wp-json\/wp\/v2\/tags?post=1615"}],"curies":[{"name":"wp","href":"https:\/\/api.w.org\/{rel}","templated":true}]}}