{"id":1556,"date":"2022-12-05T01:14:52","date_gmt":"2022-12-05T00:14:52","guid":{"rendered":"https:\/\/www.ewigerbund.org\/bayern\/?page_id=1556"},"modified":"2023-07-20T00:45:43","modified_gmt":"2023-07-19T22:45:43","slug":"oberbayern-und-tyrol-unter-ludwig-v","status":"publish","type":"page","link":"https:\/\/www.ewigerbund.org\/bayern\/geschichte\/oberbayern-und-tyrol-unter-ludwig-v\/","title":{"rendered":"1351-1361. Oberbayern und Tirol unter Ludwig V."},"content":{"rendered":"<div class=\"gb-container gb-container-57dea9c7\"><div class=\"gb-inside-container\">\n\n<h2 class=\"gb-headline gb-headline-32439617 gb-headline-text\">1351-1361. Oberbayern und Tirol unter Ludwig V.<\/h2>\n\n\n\n<p>Der Begr\u00fcnder dieser Linie, Ludwig V., der Brandenburger (1351-1361), war ein biederer, freisinniger F\u00fcrst, von Allen, die ihn n\u00e4her kannten, geachtet und geliebt.<\/p>\n\n\n\n<p>Auf seinen Wunsch stellte der Herzog Albrecht der Weise von \u00d6sterreich bei dem Papst Innocenz VI. (1352-1362) das Aufsuchen, den Kirchenbann, der noch immer auf seiner Person und seiner ganzen Familie lastete, aufzuheben. Die\u00df geschah denn auch im Auftrage des Papstes durch den Bischof Paulus von Freysing in der Hofkapelle zu M\u00fcnchen am 3. September 1359. Nach der Lossprechung vom Kirchenbanne erfolgte zuerst die Trauung des alten Herzogs Ludwig V. und der Herzogin Margaretha Maultasche, deren fr\u00fchere Ehe mit Johann Heinrich schon der Papst Klemens VI. (1349) f\u00fcr nichtig erkl\u00e4rt hatte, dann die Verm\u00e4hlung von Ludwigs V. Sohn, Mainhard, mit Margaretha, der j\u00fcngsten Tochter des inzwischen (20. Juli 1358) verstorbenen Herzogs Albrecht des Weisen von \u00d6sterreich. Alsdann erfolgte die Lossprechung Oberbayerns und Thyros von dem Interdikte. Aus Dankbarkeit gegen Albrecht den Weisen stellte Margaretha Maultasche, die in ihren Heiratsvertr\u00e4gen (1341) bestimmt hatte, da\u00df Tyrol f\u00fcr alle F\u00e4lle bei Bayern zu verbleiben habe, (am 5. September 1359) ein Urkunde aus, worin sie f\u00fcr den Fall, da\u00df ihr Gemahl Ludwig und ihr Sohn Mainhard ohne Nachkommen sterben w\u00fcrden, ihre L\u00e4nder dem \u00f6sterreichischen Herzog Rudolf IV. und seinen Br\u00fcdern, den S\u00f6hnen Albrechts des Weisen zu \u00fcberlassen verhie\u00df <a href=\"#fussnote_1\">*)<\/a>.<\/p>\n\n\n\n<p>F\u00fcr Oberbayern konnte Ludwig V. wenig thun, weil er erst in der letzteren Zeit seines Lebens daselbst bleibenden Sitz genommen hatte. F\u00fcr Hebung des St\u00e4dtewesens gab er manche n\u00fctzliche Verordnung, besonders f\u00fcr M\u00fcnchen, wo er die (nach dem Brande am 14. Februar 1327 in Bau genommene) Peterskirche ausbaute und zu diesem Zwecke Geldsammlungen im ganzen Lande veranstaltete. Wahrscheinlich gab auch auf sein Gesuch der Herzog Rudolf IV. von \u00d6sterreich den B\u00fcrgern M\u00fcnchens freien Handel nach \u00d6sterreich in derselben Ausdehnung, wie ihn die Regensburger besa\u00dfen. Zur Versch\u00f6nerung und Erweiterung M\u00fcnchens bewilligte Ludwig V. der St\u00e4dtischen Commune einen Salzaufschlag auf f\u00fcnf Jahre, einen Pfennig f\u00fcr jede Scheibe, welche in die Stadt gef\u00fchrt wurde. Durch ihn ward auch Ingolstadt erweitert, Rain zu einer Stadt erhoben und Landsberg mit Handelsrechten beschenkt.<\/p>\n\n\n\n<p>Ludwig V. starb am 18. September 1361 zu Zorneding, sechs Stunden (20 KM) von M\u00fcnchen, eines j\u00e4hen Todes. Seine Leiche wurde in der Gruft zu Seligenthal bei Landshut (nach dem Zeugni\u00dfe des Todesbuchs daselbst) beigesetzt.<\/p>\n\n\n<div class=\"gb-button-wrapper gb-button-wrapper-2f3b515e\">\n\n<a class=\"gb-button gb-button-6ce52bd3 gb-button-text\" href=\"https:\/\/forum.bayern.ewigerbund.org\/viewtopic.php?t=481\" target=\"_blank\" rel=\"noopener noreferrer\">Dieser Beitrag hat dir gefallen? Hier kommentieren.<\/a>\n\n<\/div>\n\n\n<p class=\"has-small-font-size\" id=\"fussnote_1\">*) Ihre unverheiratete Schwester Adelheide (\u2020 25. Mai 1375) hatte schon 1336 und 1341 zu Gunsten der mit ihr verwandten \u00f6sterreichischen Herz\u00f6ge Albrecht des Weisen und Otto des K\u00fchnen auf ihren Antheil an K\u00e4rnthen und Tyrol verzichtet; der beiden Herz\u00f6ge Mutter Elisabeth, die mit dem Kaiser Albrecht I. von \u00d6sterreich (1298-1308) verm\u00e4hlt war, und der Vater der Adelheide, Heinrich von K\u00e4rnthen, waren Geschwister.<\/p>\n\n\n\n<p class=\"has-small-font-size\"><em>Quelle: Lehrbuch der bayerischen Geschichte f\u00fcr Gymnasien und zum Selbstunterricht bearbeitet von Kr. By. Sattler M\u00fcnchen, 1868. J. Lindauer\u2019sche Buchhandlung, Seite 156-158.<\/em><\/p>\n\n<\/div><\/div>","protected":false},"excerpt":{"rendered":"<p>1351-1361. Oberbayern und Tirol unter Ludwig V. Der Begr\u00fcnder dieser Linie, Ludwig V., der Brandenburger (1351-1361), war ein biederer, freisinniger F\u00fcrst, von Allen, die ihn n\u00e4her kannten, geachtet und geliebt. Auf seinen Wunsch stellte der Herzog Albrecht der Weise von \u00d6sterreich bei dem Papst Innocenz VI. (1352-1362) das Aufsuchen, den Kirchenbann, der noch immer auf &#8230; <a title=\"1351-1361. Oberbayern und Tirol unter Ludwig V.\" class=\"read-more\" href=\"https:\/\/www.ewigerbund.org\/bayern\/geschichte\/oberbayern-und-tyrol-unter-ludwig-v\/\" aria-label=\"Mehr zu 1351-1361. Oberbayern und Tirol unter Ludwig V.\">Weiterlesen &#8230;<\/a><\/p>\n","protected":false},"author":1,"featured_media":2866,"parent":215,"menu_order":0,"comment_status":"closed","ping_status":"closed","template":"","meta":{"footnotes":""},"categories":[1,6,7],"tags":[442,221,88],"class_list":["post-1556","page","type-page","status-publish","has-post-thumbnail","hentry","category-allgemein","category-bayern","category-geschichte","tag-ludwig-v","tag-oberbayern","tag-tirol"],"yoast_head":"<!-- This site is optimized with the Yoast SEO plugin v23.1 - https:\/\/yoast.com\/wordpress\/plugins\/seo\/ -->\n<title>1351-1361. Oberbayern und Tirol unter Ludwig V. - K\u00f6nigreich Bayern<\/title>\n<meta name=\"robots\" content=\"index, follow, max-snippet:-1, max-image-preview:large, max-video-preview:-1\" \/>\n<link rel=\"canonical\" href=\"https:\/\/www.ewigerbund.org\/bayern\/geschichte\/oberbayern-und-tyrol-unter-ludwig-v\/\" \/>\n<meta property=\"og:locale\" content=\"de_DE\" \/>\n<meta property=\"og:type\" content=\"article\" \/>\n<meta property=\"og:title\" content=\"1351-1361. Oberbayern und Tirol unter Ludwig V. - K\u00f6nigreich Bayern\" \/>\n<meta property=\"og:description\" content=\"1351-1361. Oberbayern und Tirol unter Ludwig V. Der Begr\u00fcnder dieser Linie, Ludwig V., der Brandenburger (1351-1361), war ein biederer, freisinniger F\u00fcrst, von Allen, die ihn n\u00e4her kannten, geachtet und geliebt. Auf seinen Wunsch stellte der Herzog Albrecht der Weise von \u00d6sterreich bei dem Papst Innocenz VI. (1352-1362) das Aufsuchen, den Kirchenbann, der noch immer auf ... Weiterlesen ...\" \/>\n<meta property=\"og:url\" content=\"https:\/\/www.ewigerbund.org\/bayern\/geschichte\/oberbayern-und-tyrol-unter-ludwig-v\/\" \/>\n<meta property=\"og:site_name\" content=\"K\u00f6nigreich Bayern\" \/>\n<meta property=\"article:modified_time\" content=\"2023-07-19T22:45:43+00:00\" \/>\n<meta property=\"og:image\" content=\"https:\/\/www.ewigerbund.org\/bayern\/wp-content\/uploads\/sites\/12\/2023\/06\/1351-1361-Oberbayern-und-Tyrol-unter-Ludwig-V-1024x580-1.jpg\" \/>\n\t<meta property=\"og:image:width\" content=\"1024\" \/>\n\t<meta property=\"og:image:height\" content=\"580\" \/>\n\t<meta property=\"og:image:type\" content=\"image\/jpeg\" \/>\n<meta name=\"twitter:card\" content=\"summary_large_image\" \/>\n<meta name=\"twitter:label1\" content=\"Gesch\u00e4tzte Lesezeit\" \/>\n\t<meta name=\"twitter:data1\" content=\"3\u00a0Minuten\" \/>\n<script type=\"application\/ld+json\" class=\"yoast-schema-graph\">{\"@context\":\"https:\/\/schema.org\",\"@graph\":[{\"@type\":\"WebPage\",\"@id\":\"https:\/\/www.ewigerbund.org\/bayern\/geschichte\/oberbayern-und-tyrol-unter-ludwig-v\/\",\"url\":\"https:\/\/www.ewigerbund.org\/bayern\/geschichte\/oberbayern-und-tyrol-unter-ludwig-v\/\",\"name\":\"1351-1361. Oberbayern und Tirol unter Ludwig V. - K\u00f6nigreich Bayern\",\"isPartOf\":{\"@id\":\"https:\/\/www.ewigerbund.org\/bayern\/#website\"},\"primaryImageOfPage\":{\"@id\":\"https:\/\/www.ewigerbund.org\/bayern\/geschichte\/oberbayern-und-tyrol-unter-ludwig-v\/#primaryimage\"},\"image\":{\"@id\":\"https:\/\/www.ewigerbund.org\/bayern\/geschichte\/oberbayern-und-tyrol-unter-ludwig-v\/#primaryimage\"},\"thumbnailUrl\":\"https:\/\/www.ewigerbund.org\/bayern\/wp-content\/uploads\/sites\/12\/2023\/06\/1351-1361-Oberbayern-und-Tyrol-unter-Ludwig-V-1024x580-1.jpg\",\"datePublished\":\"2022-12-05T00:14:52+00:00\",\"dateModified\":\"2023-07-19T22:45:43+00:00\",\"breadcrumb\":{\"@id\":\"https:\/\/www.ewigerbund.org\/bayern\/geschichte\/oberbayern-und-tyrol-unter-ludwig-v\/#breadcrumb\"},\"inLanguage\":\"de\",\"potentialAction\":[{\"@type\":\"ReadAction\",\"target\":[\"https:\/\/www.ewigerbund.org\/bayern\/geschichte\/oberbayern-und-tyrol-unter-ludwig-v\/\"]}]},{\"@type\":\"ImageObject\",\"inLanguage\":\"de\",\"@id\":\"https:\/\/www.ewigerbund.org\/bayern\/geschichte\/oberbayern-und-tyrol-unter-ludwig-v\/#primaryimage\",\"url\":\"https:\/\/www.ewigerbund.org\/bayern\/wp-content\/uploads\/sites\/12\/2023\/06\/1351-1361-Oberbayern-und-Tyrol-unter-Ludwig-V-1024x580-1.jpg\",\"contentUrl\":\"https:\/\/www.ewigerbund.org\/bayern\/wp-content\/uploads\/sites\/12\/2023\/06\/1351-1361-Oberbayern-und-Tyrol-unter-Ludwig-V-1024x580-1.jpg\",\"width\":1024,\"height\":580,\"caption\":\"351-1361-Oberbayern-und-Tyrol-unter-Ludwig-V-1024x580\"},{\"@type\":\"BreadcrumbList\",\"@id\":\"https:\/\/www.ewigerbund.org\/bayern\/geschichte\/oberbayern-und-tyrol-unter-ludwig-v\/#breadcrumb\",\"itemListElement\":[{\"@type\":\"ListItem\",\"position\":1,\"name\":\"Startseite\",\"item\":\"https:\/\/www.ewigerbund.org\/bayern\/\"},{\"@type\":\"ListItem\",\"position\":2,\"name\":\"Geschichte\",\"item\":\"https:\/\/www.ewigerbund.org\/bayern\/geschichte\/\"},{\"@type\":\"ListItem\",\"position\":3,\"name\":\"1351-1361. Oberbayern und Tirol unter Ludwig V.\"}]},{\"@type\":\"WebSite\",\"@id\":\"https:\/\/www.ewigerbund.org\/bayern\/#website\",\"url\":\"https:\/\/www.ewigerbund.org\/bayern\/\",\"name\":\"K\u00f6nigreich Bayern\",\"description\":\"im ewigen Bund.\",\"publisher\":{\"@id\":\"https:\/\/www.ewigerbund.org\/bayern\/#organization\"},\"potentialAction\":[{\"@type\":\"SearchAction\",\"target\":{\"@type\":\"EntryPoint\",\"urlTemplate\":\"https:\/\/www.ewigerbund.org\/bayern\/?s={search_term_string}\"},\"query-input\":\"required name=search_term_string\"}],\"inLanguage\":\"de\"},{\"@type\":\"Organization\",\"@id\":\"https:\/\/www.ewigerbund.org\/bayern\/#organization\",\"name\":\"K\u00f6nigreich Bayern\",\"url\":\"https:\/\/www.ewigerbund.org\/bayern\/\",\"logo\":{\"@type\":\"ImageObject\",\"inLanguage\":\"de\",\"@id\":\"https:\/\/www.ewigerbund.org\/bayern\/#\/schema\/logo\/image\/\",\"url\":\"https:\/\/www.ewigerbund.org\/bayern\/wp-content\/uploads\/sites\/12\/2023\/02\/2023-02-24-Logo-EB-Bayern-Schutzzone_Schatten_BGweiss_V2_1200px.png\",\"contentUrl\":\"https:\/\/www.ewigerbund.org\/bayern\/wp-content\/uploads\/sites\/12\/2023\/02\/2023-02-24-Logo-EB-Bayern-Schutzzone_Schatten_BGweiss_V2_1200px.png\",\"width\":1200,\"height\":1200,\"caption\":\"K\u00f6nigreich Bayern\"},\"image\":{\"@id\":\"https:\/\/www.ewigerbund.org\/bayern\/#\/schema\/logo\/image\/\"}}]}<\/script>\n<!-- \/ Yoast SEO plugin. -->","yoast_head_json":{"title":"1351-1361. Oberbayern und Tirol unter Ludwig V. - K\u00f6nigreich Bayern","robots":{"index":"index","follow":"follow","max-snippet":"max-snippet:-1","max-image-preview":"max-image-preview:large","max-video-preview":"max-video-preview:-1"},"canonical":"https:\/\/www.ewigerbund.org\/bayern\/geschichte\/oberbayern-und-tyrol-unter-ludwig-v\/","og_locale":"de_DE","og_type":"article","og_title":"1351-1361. Oberbayern und Tirol unter Ludwig V. - K\u00f6nigreich Bayern","og_description":"1351-1361. Oberbayern und Tirol unter Ludwig V. Der Begr\u00fcnder dieser Linie, Ludwig V., der Brandenburger (1351-1361), war ein biederer, freisinniger F\u00fcrst, von Allen, die ihn n\u00e4her kannten, geachtet und geliebt. Auf seinen Wunsch stellte der Herzog Albrecht der Weise von \u00d6sterreich bei dem Papst Innocenz VI. (1352-1362) das Aufsuchen, den Kirchenbann, der noch immer auf ... Weiterlesen ...","og_url":"https:\/\/www.ewigerbund.org\/bayern\/geschichte\/oberbayern-und-tyrol-unter-ludwig-v\/","og_site_name":"K\u00f6nigreich Bayern","article_modified_time":"2023-07-19T22:45:43+00:00","og_image":[{"width":1024,"height":580,"url":"https:\/\/www.ewigerbund.org\/bayern\/wp-content\/uploads\/sites\/12\/2023\/06\/1351-1361-Oberbayern-und-Tyrol-unter-Ludwig-V-1024x580-1.jpg","type":"image\/jpeg"}],"twitter_card":"summary_large_image","twitter_misc":{"Gesch\u00e4tzte Lesezeit":"3\u00a0Minuten"},"schema":{"@context":"https:\/\/schema.org","@graph":[{"@type":"WebPage","@id":"https:\/\/www.ewigerbund.org\/bayern\/geschichte\/oberbayern-und-tyrol-unter-ludwig-v\/","url":"https:\/\/www.ewigerbund.org\/bayern\/geschichte\/oberbayern-und-tyrol-unter-ludwig-v\/","name":"1351-1361. Oberbayern und Tirol unter Ludwig V. - K\u00f6nigreich Bayern","isPartOf":{"@id":"https:\/\/www.ewigerbund.org\/bayern\/#website"},"primaryImageOfPage":{"@id":"https:\/\/www.ewigerbund.org\/bayern\/geschichte\/oberbayern-und-tyrol-unter-ludwig-v\/#primaryimage"},"image":{"@id":"https:\/\/www.ewigerbund.org\/bayern\/geschichte\/oberbayern-und-tyrol-unter-ludwig-v\/#primaryimage"},"thumbnailUrl":"https:\/\/www.ewigerbund.org\/bayern\/wp-content\/uploads\/sites\/12\/2023\/06\/1351-1361-Oberbayern-und-Tyrol-unter-Ludwig-V-1024x580-1.jpg","datePublished":"2022-12-05T00:14:52+00:00","dateModified":"2023-07-19T22:45:43+00:00","breadcrumb":{"@id":"https:\/\/www.ewigerbund.org\/bayern\/geschichte\/oberbayern-und-tyrol-unter-ludwig-v\/#breadcrumb"},"inLanguage":"de","potentialAction":[{"@type":"ReadAction","target":["https:\/\/www.ewigerbund.org\/bayern\/geschichte\/oberbayern-und-tyrol-unter-ludwig-v\/"]}]},{"@type":"ImageObject","inLanguage":"de","@id":"https:\/\/www.ewigerbund.org\/bayern\/geschichte\/oberbayern-und-tyrol-unter-ludwig-v\/#primaryimage","url":"https:\/\/www.ewigerbund.org\/bayern\/wp-content\/uploads\/sites\/12\/2023\/06\/1351-1361-Oberbayern-und-Tyrol-unter-Ludwig-V-1024x580-1.jpg","contentUrl":"https:\/\/www.ewigerbund.org\/bayern\/wp-content\/uploads\/sites\/12\/2023\/06\/1351-1361-Oberbayern-und-Tyrol-unter-Ludwig-V-1024x580-1.jpg","width":1024,"height":580,"caption":"351-1361-Oberbayern-und-Tyrol-unter-Ludwig-V-1024x580"},{"@type":"BreadcrumbList","@id":"https:\/\/www.ewigerbund.org\/bayern\/geschichte\/oberbayern-und-tyrol-unter-ludwig-v\/#breadcrumb","itemListElement":[{"@type":"ListItem","position":1,"name":"Startseite","item":"https:\/\/www.ewigerbund.org\/bayern\/"},{"@type":"ListItem","position":2,"name":"Geschichte","item":"https:\/\/www.ewigerbund.org\/bayern\/geschichte\/"},{"@type":"ListItem","position":3,"name":"1351-1361. Oberbayern und Tirol unter Ludwig V."}]},{"@type":"WebSite","@id":"https:\/\/www.ewigerbund.org\/bayern\/#website","url":"https:\/\/www.ewigerbund.org\/bayern\/","name":"K\u00f6nigreich Bayern","description":"im ewigen Bund.","publisher":{"@id":"https:\/\/www.ewigerbund.org\/bayern\/#organization"},"potentialAction":[{"@type":"SearchAction","target":{"@type":"EntryPoint","urlTemplate":"https:\/\/www.ewigerbund.org\/bayern\/?s={search_term_string}"},"query-input":"required name=search_term_string"}],"inLanguage":"de"},{"@type":"Organization","@id":"https:\/\/www.ewigerbund.org\/bayern\/#organization","name":"K\u00f6nigreich Bayern","url":"https:\/\/www.ewigerbund.org\/bayern\/","logo":{"@type":"ImageObject","inLanguage":"de","@id":"https:\/\/www.ewigerbund.org\/bayern\/#\/schema\/logo\/image\/","url":"https:\/\/www.ewigerbund.org\/bayern\/wp-content\/uploads\/sites\/12\/2023\/02\/2023-02-24-Logo-EB-Bayern-Schutzzone_Schatten_BGweiss_V2_1200px.png","contentUrl":"https:\/\/www.ewigerbund.org\/bayern\/wp-content\/uploads\/sites\/12\/2023\/02\/2023-02-24-Logo-EB-Bayern-Schutzzone_Schatten_BGweiss_V2_1200px.png","width":1200,"height":1200,"caption":"K\u00f6nigreich Bayern"},"image":{"@id":"https:\/\/www.ewigerbund.org\/bayern\/#\/schema\/logo\/image\/"}}]}},"_links":{"self":[{"href":"https:\/\/www.ewigerbund.org\/bayern\/wp-json\/wp\/v2\/pages\/1556","targetHints":{"allow":["GET"]}}],"collection":[{"href":"https:\/\/www.ewigerbund.org\/bayern\/wp-json\/wp\/v2\/pages"}],"about":[{"href":"https:\/\/www.ewigerbund.org\/bayern\/wp-json\/wp\/v2\/types\/page"}],"author":[{"embeddable":true,"href":"https:\/\/www.ewigerbund.org\/bayern\/wp-json\/wp\/v2\/users\/1"}],"replies":[{"embeddable":true,"href":"https:\/\/www.ewigerbund.org\/bayern\/wp-json\/wp\/v2\/comments?post=1556"}],"version-history":[{"count":7,"href":"https:\/\/www.ewigerbund.org\/bayern\/wp-json\/wp\/v2\/pages\/1556\/revisions"}],"predecessor-version":[{"id":2207,"href":"https:\/\/www.ewigerbund.org\/bayern\/wp-json\/wp\/v2\/pages\/1556\/revisions\/2207"}],"up":[{"embeddable":true,"href":"https:\/\/www.ewigerbund.org\/bayern\/wp-json\/wp\/v2\/pages\/215"}],"wp:featuredmedia":[{"embeddable":true,"href":"https:\/\/www.ewigerbund.org\/bayern\/wp-json\/wp\/v2\/media\/2866"}],"wp:attachment":[{"href":"https:\/\/www.ewigerbund.org\/bayern\/wp-json\/wp\/v2\/media?parent=1556"}],"wp:term":[{"taxonomy":"category","embeddable":true,"href":"https:\/\/www.ewigerbund.org\/bayern\/wp-json\/wp\/v2\/categories?post=1556"},{"taxonomy":"post_tag","embeddable":true,"href":"https:\/\/www.ewigerbund.org\/bayern\/wp-json\/wp\/v2\/tags?post=1556"}],"curies":[{"name":"wp","href":"https:\/\/api.w.org\/{rel}","templated":true}]}}