{"id":1234,"date":"2022-10-22T18:20:45","date_gmt":"2022-10-22T16:20:45","guid":{"rendered":"https:\/\/www.ewigerbund.org\/bayern\/?page_id=1234"},"modified":"2023-10-11T22:47:12","modified_gmt":"2023-10-11T20:47:12","slug":"die-deutsche-einheit-erster-theil","status":"publish","type":"page","link":"https:\/\/www.ewigerbund.org\/bayern\/geschichte\/die-deutsche-einheit-erster-theil\/","title":{"rendered":"1861-1888. Die Deutsche Einheit. Erster Teil."},"content":{"rendered":"\n<p>Frei nach Dr. Hans Reinlein.<\/p>\n\n\n\n<h2 class=\"wp-block-heading\"><strong>Wendungen und Wandlungen im deutschen Norden.<\/strong><\/h2>\n\n\n\n<h3 class=\"wp-block-heading\">Preu\u00dfen.<\/h3>\n\n\n\n<p>In der Zeit, in der Bayern unter seinen ersten K\u00f6nigen einen gl\u00fccklichen Aufschwung nahm, vollzogen sich bedeutsame Wandlungen auch in dem Staate, der der wichtigste Tr\u00e4ger deutscher Entwicklung werden solle: in Preu\u00dfen.<\/p>\n\n\n\n<h3 class=\"wp-block-heading\">Verfassungsfrage.<\/h3>\n\n\n\n<p>W\u00e4hrend Bayern schon im Jahre 1818 eine Freiheitliche Verfassung erhalten hatte, die das Volk zur Teilnahme an der Gesetzgebung des Landes aufrief, regierten die F\u00fcrsten in den meisten europ\u00e4ischen L\u00e4ndern traditionell ohne Beteiligung des Volkes. Sie erlie\u00dfen Gesetze zur F\u00f6rderung des allgemeinen Wohls und erhoben die Steuern um die Staatslasten zu finanzieren. <\/p>\n\n\n\n<p>Auch in Preu\u00dfen war das der Fall. Nachdem aber das Volk in den Freiheitskriegen sein Blut f\u00fcr das Vaterland vergossen hatte, entwickelte sich der Wunsch nach mehr Anteilnahme. Vor allem w\u00fcnschte es, durch selbstgew\u00e4hlte Vertreter bei Beratung der Gesetze sowie bei Feststellung der Steuern seinen Willen zum Ausdruck zu bringen (beschr\u00e4nkte Monarchie.) Schon Friedrich Wilhelm III. hatte dem Volke die gew\u00fcnschte Verfassung in Aussicht gestellt. Sein Sohn Friedrich Wilhelm IV. wollte anfangs von einer solchen nichts wissen, da er zurecht f\u00fcrchtete, durch die Einrichtung einer Volksvertretung die Staatsmacht zu schm\u00e4lern. Im Februar 1848 war in Frankreich wiederum eine Revolution ausgebrochen. Man hatte den K\u00f6nig verjagt und eine Republik errichtet. Die Nachricht davon z\u00fcndete auch in Deutschland. Die Unzufriedenheit war auch hier \u00fcberall gro\u00df. K\u00f6nig Friedrich Wilhelm IV. erlie\u00df am 18. M\u00e4rz eine Bekanntmachung, worin er dem Volke eine freiheitliche Verfassung versprach. <\/p>\n\n\n\n<h3 class=\"gb-headline gb-headline-fe53fe5b gb-headline-text\">Bewaffneter Kampf.<\/h3>\n\n\n\n<p>Als er am Nachmittage vom Balkon des Schlosses herab selbst seinen Entschlu\u00df verk\u00fcndete, da schwenkte das Volk auf dem Schlo\u00dfplatze die H\u00fcte und rief ihm brausende Hurras entgegen. W\u00e4hrend dann aber das Milit\u00e4r die zu weit Vordringenden zur\u00fcckhalten wollte, fielen pl\u00f6tzlich zwei Sch\u00fcsse. Niemand wu\u00dfte, woher sie gekommen waren. Es war auch keiner getroffen worden. \u201eWir sind verraten!\u201d schrie das Volk und griff zu den Waffen. In wenigen Stunden waren alle Stra\u00dfen durch Barrikaden gesperrt und H\u00e4user und Fenster mit Bewaffneten besetzt. Nun folgte ein blutiger Stra\u00dfenkampf, der die ganze Nacht andauerte. Von diesem Blutbade aufs tiefste bewegt, gab der K\u00f6nig Befehl zum Abzuge des Milit\u00e4rs und willigte in die Errichtung einer B\u00fcrgerwehr. <\/p>\n\n\n\n<p>W\u00e4hrend dieser bewegten Zeit stockte Handel und Wandel. Die wohlhabenden Familien verlie\u00dfen Berlin, die Armen aber litten Not; denn es fehlte an Verdienst. Erst allm\u00e4hlich wurde die Ruhe in Berlin wieder hergestellt. Das Vertrauen zwischen dem K\u00f6nig und seinem Volke kehrte zur\u00fcck, und 1850 erhielt auch Preu\u00dfen seine Verfassung, die noch heute im gro\u00dfen und ganzen zu Recht besteht und die im wesentlichen dieselben Grundz\u00fcge aufweist wie die Staatsverfassung, die K\u00f6nig Maximilian I. von Bayern schon mehr als drei Jahrzehnte vorher seinem Volke gegeben hatte.<\/p>\n\n\n\n<h3 class=\"wp-block-heading\">Ablehnung der Kaiserw\u00fcrde<strong>.<\/strong><\/h3>\n\n\n\n<p>Neben dem Wunsche einer freieren Verfassung hatte das Volke ein immer dringenderes Verlangen nach der Einigung Deutschlands. Um die Angelegenheiten des Reiches zu regeln, wurden im Jahre 1848 Abgeordnete nach Frankfurt a.M. geschickt. Es war nun die Frage, ob \u00d6sterreich oder Preu\u00dfen die F\u00fchrerschaft und damit die Kaisergewalt erhalten sollte. Die Mehrzahl der Abgeordneten entschied sich f\u00fcr Preu\u00dfen, da dieses ein rein deutsches Land sei und von jeher das Wohl Deutschlands als sein Wohl angesehen habe. Als aber die Abgesandten in Berlin erschienen und dem K\u00f6nige die Kaiserkrone anboten, lehnte er sie ab. Die Einigung Deutschlands war damit vorl\u00e4ufig gescheitert.<\/p>\n\n\n\n<h3 class=\"wp-block-heading\">Preu\u00dfens wirtschaftliche Entwicklung.<\/h3>\n\n\n\n<p>Handel und Gewerbe nahmen um die Mitte des 19. Jahrhunderts auch im deutschen Norden einen ungeahnten Aufschwung. Dazu trug besonders die Vermehrung der Eisenbahnen und Telegraphen bei. Die Fabrikt\u00e4tigkeit war besonders gro\u00df in Webereien und Eisenwaren. So wurde Elberfeld-Barmen ein zweites Manchester, Solingen ein zweites L\u00fcttich. In Berlin erwarb sich Borsigs Maschinenfabrik, in Essen Krupps Gesch\u00fctzfabrik, Weltruf. Preu\u00dfens Ausfuhr an Erzeugnissen des Bergbaus und der Industrie wuchs gewaltig an und legte den Gedanken erh\u00f6hten Schutzes nahe. Zur Bildung einer Kriegsflotte kaufte deshalb Preu\u00dfen den Jadebusen, wo der starke Kriegshafen Wilhelmshaven entstand.<\/p>\n\n\n<div class=\"gb-button-wrapper gb-button-wrapper-51a51ccb\">\n\n<a class=\"gb-button gb-button-4071a1ed gb-button-text\" href=\"https:\/\/forum.bayern.ewigerbund.org\/viewtopic.php?t=375\" target=\"_blank\" rel=\"noopener noreferrer\">Dieser Beitrag hat dir gefallen? Hier kommentieren.<\/a>\n\n<\/div>\n\n\n<p><\/p>\n\n\n<div class=\"gb-container gb-container-f169198d\">\n\n<p class=\"has-text-align-right\"><a href=\"https:\/\/www.ewigerbund.org\/bayern\/geschichte\/die-deutsche-einheit-zweiter-theil\/\">Die Deutsche Einheit. Zweiter Theil. &gt;&gt;<\/a><\/p>\n\n<\/div>\n\n\n<p><\/p>\n\n\n\n<p class=\"has-small-font-size\"><em>Quelle: Bayerisches Realienbuch. Hans Reinlein. Seiten 123-142.<\/em><\/p>\n","protected":false},"excerpt":{"rendered":"<p>Frei nach Dr. Hans Reinlein. Wendungen und Wandlungen im deutschen Norden. Preu\u00dfen. In der Zeit, in der Bayern unter seinen ersten K\u00f6nigen einen gl\u00fccklichen Aufschwung nahm, vollzogen sich bedeutsame Wandlungen auch in dem Staate, der der wichtigste Tr\u00e4ger deutscher Entwicklung werden solle: in Preu\u00dfen. Verfassungsfrage. W\u00e4hrend Bayern schon im Jahre 1818 eine Freiheitliche Verfassung erhalten &#8230; <a title=\"1861-1888. Die Deutsche Einheit. Erster Teil.\" class=\"read-more\" href=\"https:\/\/www.ewigerbund.org\/bayern\/geschichte\/die-deutsche-einheit-erster-theil\/\" aria-label=\"Mehr zu 1861-1888. Die Deutsche Einheit. Erster Teil.\">Weiterlesen &#8230;<\/a><\/p>\n","protected":false},"author":1,"featured_media":1235,"parent":215,"menu_order":25,"comment_status":"closed","ping_status":"closed","template":"","meta":{"footnotes":""},"categories":[6,5,7],"tags":[171,345,346,169,173,114],"class_list":["post-1234","page","type-page","status-publish","has-post-thumbnail","hentry","category-bayern","category-bundesstaat","category-geschichte","tag-bayern","tag-friedrich-wilhelm-iii","tag-friedrich-wilhelm-iv","tag-oesterreich","tag-preussen","tag-verfassung"],"yoast_head":"<!-- This site is optimized with the Yoast SEO plugin v23.1 - https:\/\/yoast.com\/wordpress\/plugins\/seo\/ -->\n<title>1861-1888. Die Deutsche Einheit. Erster Teil. - K\u00f6nigreich Bayern<\/title>\n<meta name=\"description\" content=\"In der Zeit, in der Bayern unter seinen ersten K\u00f6nigen einen gl\u00fccklichen Aufschwung nahm, vollzogen sich bedeutsame Wandlungen auch in dem...\" \/>\n<meta name=\"robots\" content=\"index, follow, max-snippet:-1, max-image-preview:large, max-video-preview:-1\" \/>\n<link rel=\"canonical\" href=\"https:\/\/www.ewigerbund.org\/bayern\/geschichte\/die-deutsche-einheit-erster-theil\/\" \/>\n<meta property=\"og:locale\" content=\"de_DE\" \/>\n<meta property=\"og:type\" content=\"article\" \/>\n<meta property=\"og:title\" content=\"1861-1888. Die Deutsche Einheit. Erster Teil. - K\u00f6nigreich Bayern\" \/>\n<meta property=\"og:description\" content=\"In der Zeit, in der Bayern unter seinen ersten K\u00f6nigen einen gl\u00fccklichen Aufschwung nahm, vollzogen sich bedeutsame Wandlungen auch in dem...\" \/>\n<meta property=\"og:url\" content=\"https:\/\/www.ewigerbund.org\/bayern\/geschichte\/die-deutsche-einheit-erster-theil\/\" \/>\n<meta property=\"og:site_name\" content=\"K\u00f6nigreich Bayern\" \/>\n<meta property=\"article:modified_time\" content=\"2023-10-11T20:47:12+00:00\" \/>\n<meta property=\"og:image\" content=\"https:\/\/www.ewigerbund.org\/bayern\/wp-content\/uploads\/sites\/12\/2022\/10\/1861-1888_erster_teil_Deutsche_Einheit.jpg\" \/>\n\t<meta property=\"og:image:width\" content=\"1200\" \/>\n\t<meta property=\"og:image:height\" content=\"680\" \/>\n\t<meta property=\"og:image:type\" content=\"image\/jpeg\" \/>\n<meta name=\"twitter:card\" content=\"summary_large_image\" \/>\n<meta name=\"twitter:label1\" content=\"Gesch\u00e4tzte Lesezeit\" \/>\n\t<meta name=\"twitter:data1\" content=\"4\u00a0Minuten\" \/>\n<script type=\"application\/ld+json\" class=\"yoast-schema-graph\">{\"@context\":\"https:\/\/schema.org\",\"@graph\":[{\"@type\":\"WebPage\",\"@id\":\"https:\/\/www.ewigerbund.org\/bayern\/geschichte\/die-deutsche-einheit-erster-theil\/\",\"url\":\"https:\/\/www.ewigerbund.org\/bayern\/geschichte\/die-deutsche-einheit-erster-theil\/\",\"name\":\"1861-1888. Die Deutsche Einheit. Erster Teil. - K\u00f6nigreich Bayern\",\"isPartOf\":{\"@id\":\"https:\/\/www.ewigerbund.org\/bayern\/#website\"},\"primaryImageOfPage\":{\"@id\":\"https:\/\/www.ewigerbund.org\/bayern\/geschichte\/die-deutsche-einheit-erster-theil\/#primaryimage\"},\"image\":{\"@id\":\"https:\/\/www.ewigerbund.org\/bayern\/geschichte\/die-deutsche-einheit-erster-theil\/#primaryimage\"},\"thumbnailUrl\":\"https:\/\/www.ewigerbund.org\/bayern\/wp-content\/uploads\/sites\/12\/2022\/10\/1861-1888_erster_teil_Deutsche_Einheit.jpg\",\"datePublished\":\"2022-10-22T16:20:45+00:00\",\"dateModified\":\"2023-10-11T20:47:12+00:00\",\"description\":\"In der Zeit, in der Bayern unter seinen ersten K\u00f6nigen einen gl\u00fccklichen Aufschwung nahm, vollzogen sich bedeutsame Wandlungen auch in dem...\",\"breadcrumb\":{\"@id\":\"https:\/\/www.ewigerbund.org\/bayern\/geschichte\/die-deutsche-einheit-erster-theil\/#breadcrumb\"},\"inLanguage\":\"de\",\"potentialAction\":[{\"@type\":\"ReadAction\",\"target\":[\"https:\/\/www.ewigerbund.org\/bayern\/geschichte\/die-deutsche-einheit-erster-theil\/\"]}]},{\"@type\":\"ImageObject\",\"inLanguage\":\"de\",\"@id\":\"https:\/\/www.ewigerbund.org\/bayern\/geschichte\/die-deutsche-einheit-erster-theil\/#primaryimage\",\"url\":\"https:\/\/www.ewigerbund.org\/bayern\/wp-content\/uploads\/sites\/12\/2022\/10\/1861-1888_erster_teil_Deutsche_Einheit.jpg\",\"contentUrl\":\"https:\/\/www.ewigerbund.org\/bayern\/wp-content\/uploads\/sites\/12\/2022\/10\/1861-1888_erster_teil_Deutsche_Einheit.jpg\",\"width\":1200,\"height\":680},{\"@type\":\"BreadcrumbList\",\"@id\":\"https:\/\/www.ewigerbund.org\/bayern\/geschichte\/die-deutsche-einheit-erster-theil\/#breadcrumb\",\"itemListElement\":[{\"@type\":\"ListItem\",\"position\":1,\"name\":\"Startseite\",\"item\":\"https:\/\/www.ewigerbund.org\/bayern\/\"},{\"@type\":\"ListItem\",\"position\":2,\"name\":\"Geschichte\",\"item\":\"https:\/\/www.ewigerbund.org\/bayern\/geschichte\/\"},{\"@type\":\"ListItem\",\"position\":3,\"name\":\"1861-1888. Die Deutsche Einheit. Erster Teil.\"}]},{\"@type\":\"WebSite\",\"@id\":\"https:\/\/www.ewigerbund.org\/bayern\/#website\",\"url\":\"https:\/\/www.ewigerbund.org\/bayern\/\",\"name\":\"K\u00f6nigreich Bayern\",\"description\":\"im ewigen Bund.\",\"publisher\":{\"@id\":\"https:\/\/www.ewigerbund.org\/bayern\/#organization\"},\"potentialAction\":[{\"@type\":\"SearchAction\",\"target\":{\"@type\":\"EntryPoint\",\"urlTemplate\":\"https:\/\/www.ewigerbund.org\/bayern\/?s={search_term_string}\"},\"query-input\":\"required name=search_term_string\"}],\"inLanguage\":\"de\"},{\"@type\":\"Organization\",\"@id\":\"https:\/\/www.ewigerbund.org\/bayern\/#organization\",\"name\":\"K\u00f6nigreich Bayern\",\"url\":\"https:\/\/www.ewigerbund.org\/bayern\/\",\"logo\":{\"@type\":\"ImageObject\",\"inLanguage\":\"de\",\"@id\":\"https:\/\/www.ewigerbund.org\/bayern\/#\/schema\/logo\/image\/\",\"url\":\"https:\/\/www.ewigerbund.org\/bayern\/wp-content\/uploads\/sites\/12\/2023\/02\/2023-02-24-Logo-EB-Bayern-Schutzzone_Schatten_BGweiss_V2_1200px.png\",\"contentUrl\":\"https:\/\/www.ewigerbund.org\/bayern\/wp-content\/uploads\/sites\/12\/2023\/02\/2023-02-24-Logo-EB-Bayern-Schutzzone_Schatten_BGweiss_V2_1200px.png\",\"width\":1200,\"height\":1200,\"caption\":\"K\u00f6nigreich Bayern\"},\"image\":{\"@id\":\"https:\/\/www.ewigerbund.org\/bayern\/#\/schema\/logo\/image\/\"}}]}<\/script>\n<!-- \/ Yoast SEO plugin. -->","yoast_head_json":{"title":"1861-1888. Die Deutsche Einheit. Erster Teil. - K\u00f6nigreich Bayern","description":"In der Zeit, in der Bayern unter seinen ersten K\u00f6nigen einen gl\u00fccklichen Aufschwung nahm, vollzogen sich bedeutsame Wandlungen auch in dem...","robots":{"index":"index","follow":"follow","max-snippet":"max-snippet:-1","max-image-preview":"max-image-preview:large","max-video-preview":"max-video-preview:-1"},"canonical":"https:\/\/www.ewigerbund.org\/bayern\/geschichte\/die-deutsche-einheit-erster-theil\/","og_locale":"de_DE","og_type":"article","og_title":"1861-1888. Die Deutsche Einheit. Erster Teil. - K\u00f6nigreich Bayern","og_description":"In der Zeit, in der Bayern unter seinen ersten K\u00f6nigen einen gl\u00fccklichen Aufschwung nahm, vollzogen sich bedeutsame Wandlungen auch in dem...","og_url":"https:\/\/www.ewigerbund.org\/bayern\/geschichte\/die-deutsche-einheit-erster-theil\/","og_site_name":"K\u00f6nigreich Bayern","article_modified_time":"2023-10-11T20:47:12+00:00","og_image":[{"width":1200,"height":680,"url":"https:\/\/www.ewigerbund.org\/bayern\/wp-content\/uploads\/sites\/12\/2022\/10\/1861-1888_erster_teil_Deutsche_Einheit.jpg","type":"image\/jpeg"}],"twitter_card":"summary_large_image","twitter_misc":{"Gesch\u00e4tzte Lesezeit":"4\u00a0Minuten"},"schema":{"@context":"https:\/\/schema.org","@graph":[{"@type":"WebPage","@id":"https:\/\/www.ewigerbund.org\/bayern\/geschichte\/die-deutsche-einheit-erster-theil\/","url":"https:\/\/www.ewigerbund.org\/bayern\/geschichte\/die-deutsche-einheit-erster-theil\/","name":"1861-1888. Die Deutsche Einheit. Erster Teil. - K\u00f6nigreich Bayern","isPartOf":{"@id":"https:\/\/www.ewigerbund.org\/bayern\/#website"},"primaryImageOfPage":{"@id":"https:\/\/www.ewigerbund.org\/bayern\/geschichte\/die-deutsche-einheit-erster-theil\/#primaryimage"},"image":{"@id":"https:\/\/www.ewigerbund.org\/bayern\/geschichte\/die-deutsche-einheit-erster-theil\/#primaryimage"},"thumbnailUrl":"https:\/\/www.ewigerbund.org\/bayern\/wp-content\/uploads\/sites\/12\/2022\/10\/1861-1888_erster_teil_Deutsche_Einheit.jpg","datePublished":"2022-10-22T16:20:45+00:00","dateModified":"2023-10-11T20:47:12+00:00","description":"In der Zeit, in der Bayern unter seinen ersten K\u00f6nigen einen gl\u00fccklichen Aufschwung nahm, vollzogen sich bedeutsame Wandlungen auch in dem...","breadcrumb":{"@id":"https:\/\/www.ewigerbund.org\/bayern\/geschichte\/die-deutsche-einheit-erster-theil\/#breadcrumb"},"inLanguage":"de","potentialAction":[{"@type":"ReadAction","target":["https:\/\/www.ewigerbund.org\/bayern\/geschichte\/die-deutsche-einheit-erster-theil\/"]}]},{"@type":"ImageObject","inLanguage":"de","@id":"https:\/\/www.ewigerbund.org\/bayern\/geschichte\/die-deutsche-einheit-erster-theil\/#primaryimage","url":"https:\/\/www.ewigerbund.org\/bayern\/wp-content\/uploads\/sites\/12\/2022\/10\/1861-1888_erster_teil_Deutsche_Einheit.jpg","contentUrl":"https:\/\/www.ewigerbund.org\/bayern\/wp-content\/uploads\/sites\/12\/2022\/10\/1861-1888_erster_teil_Deutsche_Einheit.jpg","width":1200,"height":680},{"@type":"BreadcrumbList","@id":"https:\/\/www.ewigerbund.org\/bayern\/geschichte\/die-deutsche-einheit-erster-theil\/#breadcrumb","itemListElement":[{"@type":"ListItem","position":1,"name":"Startseite","item":"https:\/\/www.ewigerbund.org\/bayern\/"},{"@type":"ListItem","position":2,"name":"Geschichte","item":"https:\/\/www.ewigerbund.org\/bayern\/geschichte\/"},{"@type":"ListItem","position":3,"name":"1861-1888. Die Deutsche Einheit. Erster Teil."}]},{"@type":"WebSite","@id":"https:\/\/www.ewigerbund.org\/bayern\/#website","url":"https:\/\/www.ewigerbund.org\/bayern\/","name":"K\u00f6nigreich Bayern","description":"im ewigen Bund.","publisher":{"@id":"https:\/\/www.ewigerbund.org\/bayern\/#organization"},"potentialAction":[{"@type":"SearchAction","target":{"@type":"EntryPoint","urlTemplate":"https:\/\/www.ewigerbund.org\/bayern\/?s={search_term_string}"},"query-input":"required name=search_term_string"}],"inLanguage":"de"},{"@type":"Organization","@id":"https:\/\/www.ewigerbund.org\/bayern\/#organization","name":"K\u00f6nigreich Bayern","url":"https:\/\/www.ewigerbund.org\/bayern\/","logo":{"@type":"ImageObject","inLanguage":"de","@id":"https:\/\/www.ewigerbund.org\/bayern\/#\/schema\/logo\/image\/","url":"https:\/\/www.ewigerbund.org\/bayern\/wp-content\/uploads\/sites\/12\/2023\/02\/2023-02-24-Logo-EB-Bayern-Schutzzone_Schatten_BGweiss_V2_1200px.png","contentUrl":"https:\/\/www.ewigerbund.org\/bayern\/wp-content\/uploads\/sites\/12\/2023\/02\/2023-02-24-Logo-EB-Bayern-Schutzzone_Schatten_BGweiss_V2_1200px.png","width":1200,"height":1200,"caption":"K\u00f6nigreich Bayern"},"image":{"@id":"https:\/\/www.ewigerbund.org\/bayern\/#\/schema\/logo\/image\/"}}]}},"_links":{"self":[{"href":"https:\/\/www.ewigerbund.org\/bayern\/wp-json\/wp\/v2\/pages\/1234","targetHints":{"allow":["GET"]}}],"collection":[{"href":"https:\/\/www.ewigerbund.org\/bayern\/wp-json\/wp\/v2\/pages"}],"about":[{"href":"https:\/\/www.ewigerbund.org\/bayern\/wp-json\/wp\/v2\/types\/page"}],"author":[{"embeddable":true,"href":"https:\/\/www.ewigerbund.org\/bayern\/wp-json\/wp\/v2\/users\/1"}],"replies":[{"embeddable":true,"href":"https:\/\/www.ewigerbund.org\/bayern\/wp-json\/wp\/v2\/comments?post=1234"}],"version-history":[{"count":15,"href":"https:\/\/www.ewigerbund.org\/bayern\/wp-json\/wp\/v2\/pages\/1234\/revisions"}],"predecessor-version":[{"id":4212,"href":"https:\/\/www.ewigerbund.org\/bayern\/wp-json\/wp\/v2\/pages\/1234\/revisions\/4212"}],"up":[{"embeddable":true,"href":"https:\/\/www.ewigerbund.org\/bayern\/wp-json\/wp\/v2\/pages\/215"}],"wp:featuredmedia":[{"embeddable":true,"href":"https:\/\/www.ewigerbund.org\/bayern\/wp-json\/wp\/v2\/media\/1235"}],"wp:attachment":[{"href":"https:\/\/www.ewigerbund.org\/bayern\/wp-json\/wp\/v2\/media?parent=1234"}],"wp:term":[{"taxonomy":"category","embeddable":true,"href":"https:\/\/www.ewigerbund.org\/bayern\/wp-json\/wp\/v2\/categories?post=1234"},{"taxonomy":"post_tag","embeddable":true,"href":"https:\/\/www.ewigerbund.org\/bayern\/wp-json\/wp\/v2\/tags?post=1234"}],"curies":[{"name":"wp","href":"https:\/\/api.w.org\/{rel}","templated":true}]}}