{"id":1206,"date":"2022-10-16T20:13:29","date_gmt":"2022-10-16T18:13:29","guid":{"rendered":"https:\/\/www.ewigerbund.org\/bayern\/?page_id=1206"},"modified":"2023-07-20T00:39:00","modified_gmt":"2023-07-19T22:39:00","slug":"niederbayern-unter-otto-iii-ludwig-xiii-und-stephan-i","status":"publish","type":"page","link":"https:\/\/www.ewigerbund.org\/bayern\/geschichte\/niederbayern-unter-otto-iii-ludwig-xiii-und-stephan-i\/","title":{"rendered":"1290-1312. Niederbayern unter Otto III., Ludwig III. und Stephan I."},"content":{"rendered":"<div class=\"gb-container gb-container-00e3158f\"><div class=\"gb-inside-container\">\n\n<h2 class=\"wp-block-heading\">1290-1312. Niederbayern unter Otto III., Ludwig III. und Stephan I.<\/h2>\n\n\n\n<p style=\"font-size:16px\"><a href=\"https:\/\/www.ewigerbund.org\/bayern\/geschichte\/heinrich-xiii-in-niederbayern\/\">Heinrich XIII.<\/a> hinterlie\u00df drei S\u00f6hne, Otto III., Ludwig III. und Stephan I., welche nach dem Tode des Vaters die Regierung gemeinsam f\u00fchrten (1290-1296).<\/p>\n\n\n\n<p style=\"font-size:16px\"><em>Einer dieser Br\u00fcder, Stephan, wurde nach dem Tode des Erzbischofes Rudolf von Salzburg (\u2020 1. August 1290) auf den erzbisch\u00f6flichen Stuhl berufen. Doch der Papst Nikolaus IV. verwarf diese Wahl und ordnete eine neue an, aus welcher der Bischof Konrad von Lavant als Erzbischof von Salzburg hervorging. Als dieser mit dem Herzoge Albrecht von \u00d6sterreich und dem Herzoge Mainhard IV. von K\u00e4rnten und Tirol, die beide den Abt Heinrich von Admont als Erzbischof von Salzburg durchsetzen wollten, in Krieg geriet, brachte ihm Otto III. Hilfe. Denn die mit Herzog Albrecht unzufriedenen Steierm\u00e4rker hatten ihm f\u00fcr den Fall des Waffengl\u00fccks als den Herrn Steiermarks anzuerkennen verhei\u00dfen. Das Unternehmen mi\u00dfgl\u00fcckte, worauf der Friede zu Linz (24. Mai 1293) zu Stande kam.<\/em><\/p>\n\n\n\n<p>Da Ludwig III. am 13. Mai 1296 im siebten Jahre der gemeinschaftlichen Regierung (1290-1296) starb, f\u00fchrten Otto III. und Stephan I. (1296-1310) die Regierung gemeinschaftlich fort. Beide unterhielten mit dem deutschen K\u00f6nig Adolf von Nassau (1292-1298) ein freundschaftliches Verh\u00e4ltni\u00df und empfingen von ihm daf\u00fcr, da\u00df er in Niederbayern Kriegsvolk f\u00fcr die Engl\u00e4nder gegen die Franzosen hatte werben d\u00fcrfen, eine Summe Geldes auf die Judenschaft in Regensburg angewiesen. Als jedoch Abgeordnete das Geld erheben wollten entstand pl\u00f6tzlich Aufruhr, in welchem einige Bayern ihr Leben und andere ihre Freiheit verloren. Die beiden Herz\u00f6ge boten, um diesen Frevel zu r\u00e4chen, ihre Krieger auf und sperrten der Stadt alle Zufuhr ab. Die B\u00fcrger, von Hunger in Verzweiflung gebracht, machten einen Ausfall, pl\u00fcnderten und verbrannten Abbach und verheerten noch anderes benachbartes Gut der Herz\u00f6ge. Diese belagerten nun Regensburg, bis der Bischof Heinrich von Regensburg den Frieden vermittelte. Die Juden zahlten gegen Quittung 2.000, die B\u00fcrger 1.000 Pfund Silber als Entsch\u00e4digung (1297). Gleichwohl dauerte die Geldklemme, in welche die Herz\u00f6ge durch die doppelte Hofhaltung und die Kriegsereignisse gekommen waren, fort, daher schritten die Herz\u00f6ge zur Ver\u00e4u\u00dferung oder Versetzung mancher G\u00fcter. <a href=\"#fussnote_*\">*)<\/a><\/p>\n\n\n\n<p>In dem Kampfe, der sich 1298 zwischen dem K\u00f6nige Adolf von Nassau und Albrecht von \u00d6sterreich, dem Sohne <a href=\"https:\/\/www.ewigerbund.org\/bayern\/geschichte\/rudolf-von-habsburg\/\">Rudolfs von Habsburg<\/a>, entwickelte, standen die beiden niederbayrischen Herz\u00f6ge auf der Seite des Ersteren und fochten f\u00fcr ihn in der ungl\u00fccklichen Schlacht bei G\u00f6lheim (2. Juli 1298), wo Adolf Krone und Leben verlor. Sie baten den Sieger um Frieden und erhielten ihn, setzten aber ihr feindseliges Benehmen gegen \u00d6sterreich teils offen, teils heimlich fort. Das Hinscheiden des K\u00f6nigs Andreas III. von Ungarn (14.Januar 1301) des letzten m\u00e4nnlichen Sprossen des Arpadischen K\u00f6nigshauses, brachte \u00fcber Niederbayern neues Ungl\u00fcck. Der K\u00f6nig Wenzel IV. von B\u00f6hmen, Karl Robert von Neapel<a href=\"#fussnote_**\">**)<\/a> und Otto III. von Niederbayern (dessen Mutter Elisabeth eine Tochter des ungarischen K\u00f6nigs Bela IV. war) konnten als Verwandte des Arpadischen Hauses von weiblicher Seite Anspruch auf die Krone Ungarns erheben und jeder derselben hatte einen Teil der ungarischen Magnaten f\u00fcr sich. Wenzel IV. lie\u00df (26. August 1301) seinen Sohn Wenzel V. zu Stuhlwei\u00dfenburg kr\u00f6nen, rief ihn aber (1304) aus Furcht vor der \u00fcberlegenen Partei des Neapolitaners Karl Robert aus Ungarn zur\u00fcck und \u00fcbergab Otto III. von Niederbayern die ungarischen Reichsinsignien. Zugleich er\u00f6ffnete er diesem den Weg durch B\u00f6hmen und M\u00e4hren nach Ungarn, der ihm von den \u00d6sterreichern versperrt worden war (September 1305). Otto wurde (6. Dezember 1305) zu Stuhlwei\u00dfenburg gekr\u00f6nt, bekam aber bald eine Anzahl von Magnaten gegen sich, weil er seine Bayern \u00fcbertrieben beg\u00fcnstigte. Um sich gleichwohl auf dem Throne zu erhalten, warb er, da seine Gemahlin Katharina schon 1283 gestorben war, bei dem Woiwoden (Herzog) Ladislaus von Siebenb\u00fcrgen um die Hand einer seiner T\u00f6chter. Allein Ladislaus, selbst l\u00fcstern nach Ungarns Krone, nahm ihn gefangen. Herzog Otto III. entkam nach einem Jahr der Haft, hielt sich auf der Flucht einige Zeit bei Heinrich III. dem Herzoge von Schlesien und Glogau auf und verlobte sich mit dessen Tochter Agnes. Im Jahre 1308 kehrte er nach Bayern zur\u00fcck und verm\u00e4hlte sich mit der ebengenannten Agnes zu Straubing (18. Mai 1309).<\/p>\n\n\n\n<p>W\u00e4hrend Otto\u2019s Abwesenheit in Ungarn und Schlesien hatte K\u00f6nig Albrecht (1298-1308) Niederbayern (1307) \u00fcberfallen, um an Stephan, der ihm den Durchzug durch Niederbayern gew\u00e4hrt hatte, Rache zu nehmen. Stephan lag eben krank in Landshut darnieder und mu\u00dfte geschehen lassen, da\u00df Albrecht verheerend und pl\u00fcndernd in Niederbayern vordrang. Der hinterlistige K\u00f6nig \u00fcberlebte diesen Gewaltstreich nicht ein Jahr \u2013 er unterlag am 1. Mai 1308 der Waffe seines Neffen Johann, Herzogs von Schwaben, der seitdem Parricida (Verwandtenm\u00f6rder) genannt wurde. Als nun Heinrich VII. von Luxemburg der neu erw\u00e4hlte K\u00f6nig Deutschlands (1308 \u2013 1313) z\u00f6gerte, dem Sohne des gemordeten Albrecht, Friedrich dem Sch\u00f6nen, die Reichslehen zu verleihen und B\u00f6hmen seinem eigenen dreizehnj\u00e4hrigen Sohne zubrachte, da hielt Stephan und der inzwischen heimgekehrte Otto dies f\u00fcr eine g\u00fcnstige Gelegenheit, durch einen Einfall in \u00d6sterreich die Verw\u00fcstung Niederbayerns durch Albrecht zu r\u00e4chen. Wider Erwarten kam Friedrich der Sch\u00f6ne, der Schlimmes ahnen mochte, eiligst mit einem Heere nach Bayern gezogen, belagerte Ried und verw\u00fcstete das platte Land bis Burghausen. Ein allgemeines Aufgebot der niederbayerischen Herz\u00f6ge und die Geschicklichkeit Hartmanns von Puchberg verschaffte den Bayern bei Sch\u00e4rding (8. September 1310) einen entscheidenden Sieg \u00fcber die \u00d6sterreicher. Leider kamen zu den Verheerungen die angerichtet wurden jetzt noch Pest und Hunger und vergr\u00f6\u00dferten das Elend. Stephan I. selbst starb an der Seuche (21.Dezember 1310). Nun dachte man an Frieden in \u00d6sterreich und dieser wurde 1311 zu Passau dahin geschlossen, da\u00df gegenseitig Schadensersatz geleistet werden solle.<\/p>\n\n\n\n<p>Den wiederkehrenden Frieden ben\u00fctzte Otto III. zur R\u00fcstungen, um die verlorene ungarische Krone wieder an sich zu bringen. Zur Aufbringung der n\u00f6tigen Geldmittel verkaufte er durch eine zu Landshut am 15. Juni 1311 ausgestellte Urkunde, welche die \u201eOttonische Handveste\u201c hei\u00dft, die niedere Gerichtsbarkeit mit Ausnahme des Blutbannes (d. i. des Rechtes \u00fcber Leben und Tod) an siebzig Adelsgeschlechter und neunzehn St\u00e4dte und gew\u00e4hrte zugleich das Recht, zur Wahrung dieser Zugest\u00e4ndnisse sich zu einigen oder zu verb\u00fcndnen).<\/p>\n\n\n\n<p>In der Folge wurde dieses Vorrecht von den Herz\u00f6gen nach und nach beinahe allen Pr\u00e4laten und Edelleuten erteilt, so da\u00df am Ende beinahe die H\u00e4lfte Bayerns der richterlichen Gewalt der Herz\u00f6ge entzogen war. Seit dieser Zeit wurden \u00f6fter allgemeine Steuern gefordert und die Gewohnheit verwandelte sich allm\u00e4hlig in ein Recht. Aus einzelnen Steuern, die man erhoben hatte, wurden best\u00e4ndige Steuern. Aber auf der anderen Seite hoben sich auch die G\u00fcterbesitzer, die nun einmal die Gerichtsbarkeit in ihren H\u00e4nden hatten, zu einer einflu\u00dfreichen Stellung empor. Unter dem Namen der \u201eLandst\u00e4nde\u201c traten sie seitdem als die Stellvertreter der Nation auf und machten nicht blo\u00df dann, wenn es um um die Huldigung oder um die Bestimmung k\u00fcnftiger Erbfolge ging, sondern auch, wenn der Landesherr Krieg f\u00fchren, Frieden schlie\u00dfen, Geldsummen aufnehmen oder neue Landesgesetze gegeben wurden und fast in allen allgemeinen Angelegenheiten des Landes, ihre Einwilligung zur unentbehrlichen Bedingung.<\/p>\n\n\n\n<p>Otto konnte die begonnene R\u00fcstung nicht vollenden \u2013 er erkrankte und starb am 9. September 1312 nachdem er in den zwei letzten Jahren seines Lebens die Regierung Niederbayerns allein gef\u00fchrt hatte.<\/p>\n\n\n<div class=\"gb-button-wrapper gb-button-wrapper-9b2b306a\">\n\n<a class=\"gb-button gb-button-6d3b3359 gb-button-text\" href=\"https:\/\/forum.bayern.ewigerbund.org\/viewtopic.php?t=359\" target=\"_blank\" rel=\"noopener noreferrer\">Dieser Beitrag hat dir gefallen? Hier kommentieren.<\/a>\n\n<\/div>\n\n\n<p class=\"has-small-font-size\" id=\"fussnote_*\">*) Unter den G\u00fctern, welche ver\u00e4u\u00dfert wurden, war das ber\u00fchmte Wildbad Gastein, welches <a href=\"https:\/\/www.ewigerbund.org\/bayern\/geschichte\/ludwig-der-kelheimer\/\">Ludwig I., der Kelheimer<\/a>, von der Gr\u00e4fin Adela von Peilstein-M\u00f6ren erworben hatte. Es kam (10. M\u00e4rz 1297) an Salzburg.<\/p>\n\n\n\n<p class=\"has-small-font-size\" id=\"fussnote_**\">**) Karl Robert von Neapel, ein Enkel des K\u00f6nigs Karl II. von Neapel, hatte Anspr\u00fcche auf den ungarischen Thron, weil seine Gro\u00dfmutter Maria, die Gemahlin dieses Karl II. von Neapel, die Tochter des Ungarnk\u00f6nigs Stephan V. war.<\/p>\n\n\n\n<p class=\"has-small-font-size\"><em>Quelle: Lehrbuch der bayerischen Geschichte f\u00fcr Gymnasien und zum Selbstunterricht bearbeitet von Kr. By. Sattler M\u00fcnchen, 1868. J. Lindauer\u2019sche Buchhandlung, Seite 115-119.<\/em><\/p>\n\n<\/div><\/div>","protected":false},"excerpt":{"rendered":"<p>1290-1312. Niederbayern unter Otto III., Ludwig III. und Stephan I. Heinrich XIII. hinterlie\u00df drei S\u00f6hne, Otto III., Ludwig III. und Stephan I., welche nach dem Tode des Vaters die Regierung gemeinsam f\u00fchrten (1290-1296). Einer dieser Br\u00fcder, Stephan, wurde nach dem Tode des Erzbischofes Rudolf von Salzburg (\u2020 1. August 1290) auf den erzbisch\u00f6flichen Stuhl berufen. &#8230; <a title=\"1290-1312. Niederbayern unter Otto III., Ludwig III. und Stephan I.\" class=\"read-more\" href=\"https:\/\/www.ewigerbund.org\/bayern\/geschichte\/niederbayern-unter-otto-iii-ludwig-xiii-und-stephan-i\/\" aria-label=\"Mehr zu 1290-1312. Niederbayern unter Otto III., Ludwig III. und Stephan I.\">Weiterlesen &#8230;<\/a><\/p>\n","protected":false},"author":1,"featured_media":2863,"parent":215,"menu_order":4,"comment_status":"closed","ping_status":"closed","template":"","meta":{"footnotes":""},"categories":[6,5,7],"tags":[315,314,248,169,313,57,260,133],"class_list":["post-1206","page","type-page","status-publish","has-post-thumbnail","hentry","category-bayern","category-bundesstaat","category-geschichte","tag-koenig-adolf-von-nassau","tag-ludwig-xiii","tag-niederbayern","tag-oesterreich","tag-otto-iii","tag-regensburg","tag-stephan-i","tag-ungarn"],"yoast_head":"<!-- This site is optimized with the Yoast SEO plugin v23.1 - https:\/\/yoast.com\/wordpress\/plugins\/seo\/ -->\n<title>1290-1312. Niederbayern unter Otto III., Ludwig III. und Stephan I. - K\u00f6nigreich Bayern<\/title>\n<meta name=\"robots\" content=\"index, follow, max-snippet:-1, max-image-preview:large, max-video-preview:-1\" \/>\n<link rel=\"canonical\" href=\"https:\/\/www.ewigerbund.org\/bayern\/geschichte\/niederbayern-unter-otto-iii-ludwig-xiii-und-stephan-i\/\" \/>\n<meta property=\"og:locale\" content=\"de_DE\" \/>\n<meta property=\"og:type\" content=\"article\" \/>\n<meta property=\"og:title\" content=\"1290-1312. Niederbayern unter Otto III., Ludwig III. und Stephan I. - K\u00f6nigreich Bayern\" \/>\n<meta property=\"og:description\" content=\"1290-1312. Niederbayern unter Otto III., Ludwig III. und Stephan I. Heinrich XIII. hinterlie\u00df drei S\u00f6hne, Otto III., Ludwig III. und Stephan I., welche nach dem Tode des Vaters die Regierung gemeinsam f\u00fchrten (1290-1296). Einer dieser Br\u00fcder, Stephan, wurde nach dem Tode des Erzbischofes Rudolf von Salzburg (\u2020 1. August 1290) auf den erzbisch\u00f6flichen Stuhl berufen. ... Weiterlesen ...\" \/>\n<meta property=\"og:url\" content=\"https:\/\/www.ewigerbund.org\/bayern\/geschichte\/niederbayern-unter-otto-iii-ludwig-xiii-und-stephan-i\/\" \/>\n<meta property=\"og:site_name\" content=\"K\u00f6nigreich Bayern\" \/>\n<meta property=\"article:modified_time\" content=\"2023-07-19T22:39:00+00:00\" \/>\n<meta property=\"og:image\" content=\"https:\/\/www.ewigerbund.org\/bayern\/wp-content\/uploads\/sites\/12\/2023\/06\/Niederbayern_unter_Otto_III_Ludwig_III_und_Stephan_I-1024x580-1.jpg\" \/>\n\t<meta property=\"og:image:width\" content=\"1024\" \/>\n\t<meta property=\"og:image:height\" content=\"580\" \/>\n\t<meta property=\"og:image:type\" content=\"image\/jpeg\" \/>\n<meta name=\"twitter:card\" content=\"summary_large_image\" \/>\n<meta name=\"twitter:label1\" content=\"Gesch\u00e4tzte Lesezeit\" \/>\n\t<meta name=\"twitter:data1\" content=\"7\u00a0Minuten\" \/>\n<script type=\"application\/ld+json\" class=\"yoast-schema-graph\">{\"@context\":\"https:\/\/schema.org\",\"@graph\":[{\"@type\":\"WebPage\",\"@id\":\"https:\/\/www.ewigerbund.org\/bayern\/geschichte\/niederbayern-unter-otto-iii-ludwig-xiii-und-stephan-i\/\",\"url\":\"https:\/\/www.ewigerbund.org\/bayern\/geschichte\/niederbayern-unter-otto-iii-ludwig-xiii-und-stephan-i\/\",\"name\":\"1290-1312. Niederbayern unter Otto III., Ludwig III. und Stephan I. - K\u00f6nigreich Bayern\",\"isPartOf\":{\"@id\":\"https:\/\/www.ewigerbund.org\/bayern\/#website\"},\"primaryImageOfPage\":{\"@id\":\"https:\/\/www.ewigerbund.org\/bayern\/geschichte\/niederbayern-unter-otto-iii-ludwig-xiii-und-stephan-i\/#primaryimage\"},\"image\":{\"@id\":\"https:\/\/www.ewigerbund.org\/bayern\/geschichte\/niederbayern-unter-otto-iii-ludwig-xiii-und-stephan-i\/#primaryimage\"},\"thumbnailUrl\":\"https:\/\/www.ewigerbund.org\/bayern\/wp-content\/uploads\/sites\/12\/2023\/06\/Niederbayern_unter_Otto_III_Ludwig_III_und_Stephan_I-1024x580-1.jpg\",\"datePublished\":\"2022-10-16T18:13:29+00:00\",\"dateModified\":\"2023-07-19T22:39:00+00:00\",\"breadcrumb\":{\"@id\":\"https:\/\/www.ewigerbund.org\/bayern\/geschichte\/niederbayern-unter-otto-iii-ludwig-xiii-und-stephan-i\/#breadcrumb\"},\"inLanguage\":\"de\",\"potentialAction\":[{\"@type\":\"ReadAction\",\"target\":[\"https:\/\/www.ewigerbund.org\/bayern\/geschichte\/niederbayern-unter-otto-iii-ludwig-xiii-und-stephan-i\/\"]}]},{\"@type\":\"ImageObject\",\"inLanguage\":\"de\",\"@id\":\"https:\/\/www.ewigerbund.org\/bayern\/geschichte\/niederbayern-unter-otto-iii-ludwig-xiii-und-stephan-i\/#primaryimage\",\"url\":\"https:\/\/www.ewigerbund.org\/bayern\/wp-content\/uploads\/sites\/12\/2023\/06\/Niederbayern_unter_Otto_III_Ludwig_III_und_Stephan_I-1024x580-1.jpg\",\"contentUrl\":\"https:\/\/www.ewigerbund.org\/bayern\/wp-content\/uploads\/sites\/12\/2023\/06\/Niederbayern_unter_Otto_III_Ludwig_III_und_Stephan_I-1024x580-1.jpg\",\"width\":1024,\"height\":580,\"caption\":\"Niederbayern_unter_Otto_III_Ludwig_III_und_Stephan_I-1024x580\"},{\"@type\":\"BreadcrumbList\",\"@id\":\"https:\/\/www.ewigerbund.org\/bayern\/geschichte\/niederbayern-unter-otto-iii-ludwig-xiii-und-stephan-i\/#breadcrumb\",\"itemListElement\":[{\"@type\":\"ListItem\",\"position\":1,\"name\":\"Startseite\",\"item\":\"https:\/\/www.ewigerbund.org\/bayern\/\"},{\"@type\":\"ListItem\",\"position\":2,\"name\":\"Geschichte\",\"item\":\"https:\/\/www.ewigerbund.org\/bayern\/geschichte\/\"},{\"@type\":\"ListItem\",\"position\":3,\"name\":\"1290-1312. Niederbayern unter Otto III., Ludwig III. und Stephan I.\"}]},{\"@type\":\"WebSite\",\"@id\":\"https:\/\/www.ewigerbund.org\/bayern\/#website\",\"url\":\"https:\/\/www.ewigerbund.org\/bayern\/\",\"name\":\"K\u00f6nigreich Bayern\",\"description\":\"im ewigen Bund.\",\"publisher\":{\"@id\":\"https:\/\/www.ewigerbund.org\/bayern\/#organization\"},\"potentialAction\":[{\"@type\":\"SearchAction\",\"target\":{\"@type\":\"EntryPoint\",\"urlTemplate\":\"https:\/\/www.ewigerbund.org\/bayern\/?s={search_term_string}\"},\"query-input\":\"required name=search_term_string\"}],\"inLanguage\":\"de\"},{\"@type\":\"Organization\",\"@id\":\"https:\/\/www.ewigerbund.org\/bayern\/#organization\",\"name\":\"K\u00f6nigreich Bayern\",\"url\":\"https:\/\/www.ewigerbund.org\/bayern\/\",\"logo\":{\"@type\":\"ImageObject\",\"inLanguage\":\"de\",\"@id\":\"https:\/\/www.ewigerbund.org\/bayern\/#\/schema\/logo\/image\/\",\"url\":\"https:\/\/www.ewigerbund.org\/bayern\/wp-content\/uploads\/sites\/12\/2023\/02\/2023-02-24-Logo-EB-Bayern-Schutzzone_Schatten_BGweiss_V2_1200px.png\",\"contentUrl\":\"https:\/\/www.ewigerbund.org\/bayern\/wp-content\/uploads\/sites\/12\/2023\/02\/2023-02-24-Logo-EB-Bayern-Schutzzone_Schatten_BGweiss_V2_1200px.png\",\"width\":1200,\"height\":1200,\"caption\":\"K\u00f6nigreich Bayern\"},\"image\":{\"@id\":\"https:\/\/www.ewigerbund.org\/bayern\/#\/schema\/logo\/image\/\"}}]}<\/script>\n<!-- \/ Yoast SEO plugin. -->","yoast_head_json":{"title":"1290-1312. Niederbayern unter Otto III., Ludwig III. und Stephan I. - K\u00f6nigreich Bayern","robots":{"index":"index","follow":"follow","max-snippet":"max-snippet:-1","max-image-preview":"max-image-preview:large","max-video-preview":"max-video-preview:-1"},"canonical":"https:\/\/www.ewigerbund.org\/bayern\/geschichte\/niederbayern-unter-otto-iii-ludwig-xiii-und-stephan-i\/","og_locale":"de_DE","og_type":"article","og_title":"1290-1312. Niederbayern unter Otto III., Ludwig III. und Stephan I. - K\u00f6nigreich Bayern","og_description":"1290-1312. Niederbayern unter Otto III., Ludwig III. und Stephan I. Heinrich XIII. hinterlie\u00df drei S\u00f6hne, Otto III., Ludwig III. und Stephan I., welche nach dem Tode des Vaters die Regierung gemeinsam f\u00fchrten (1290-1296). Einer dieser Br\u00fcder, Stephan, wurde nach dem Tode des Erzbischofes Rudolf von Salzburg (\u2020 1. August 1290) auf den erzbisch\u00f6flichen Stuhl berufen. ... Weiterlesen ...","og_url":"https:\/\/www.ewigerbund.org\/bayern\/geschichte\/niederbayern-unter-otto-iii-ludwig-xiii-und-stephan-i\/","og_site_name":"K\u00f6nigreich Bayern","article_modified_time":"2023-07-19T22:39:00+00:00","og_image":[{"width":1024,"height":580,"url":"https:\/\/www.ewigerbund.org\/bayern\/wp-content\/uploads\/sites\/12\/2023\/06\/Niederbayern_unter_Otto_III_Ludwig_III_und_Stephan_I-1024x580-1.jpg","type":"image\/jpeg"}],"twitter_card":"summary_large_image","twitter_misc":{"Gesch\u00e4tzte Lesezeit":"7\u00a0Minuten"},"schema":{"@context":"https:\/\/schema.org","@graph":[{"@type":"WebPage","@id":"https:\/\/www.ewigerbund.org\/bayern\/geschichte\/niederbayern-unter-otto-iii-ludwig-xiii-und-stephan-i\/","url":"https:\/\/www.ewigerbund.org\/bayern\/geschichte\/niederbayern-unter-otto-iii-ludwig-xiii-und-stephan-i\/","name":"1290-1312. Niederbayern unter Otto III., Ludwig III. und Stephan I. - K\u00f6nigreich Bayern","isPartOf":{"@id":"https:\/\/www.ewigerbund.org\/bayern\/#website"},"primaryImageOfPage":{"@id":"https:\/\/www.ewigerbund.org\/bayern\/geschichte\/niederbayern-unter-otto-iii-ludwig-xiii-und-stephan-i\/#primaryimage"},"image":{"@id":"https:\/\/www.ewigerbund.org\/bayern\/geschichte\/niederbayern-unter-otto-iii-ludwig-xiii-und-stephan-i\/#primaryimage"},"thumbnailUrl":"https:\/\/www.ewigerbund.org\/bayern\/wp-content\/uploads\/sites\/12\/2023\/06\/Niederbayern_unter_Otto_III_Ludwig_III_und_Stephan_I-1024x580-1.jpg","datePublished":"2022-10-16T18:13:29+00:00","dateModified":"2023-07-19T22:39:00+00:00","breadcrumb":{"@id":"https:\/\/www.ewigerbund.org\/bayern\/geschichte\/niederbayern-unter-otto-iii-ludwig-xiii-und-stephan-i\/#breadcrumb"},"inLanguage":"de","potentialAction":[{"@type":"ReadAction","target":["https:\/\/www.ewigerbund.org\/bayern\/geschichte\/niederbayern-unter-otto-iii-ludwig-xiii-und-stephan-i\/"]}]},{"@type":"ImageObject","inLanguage":"de","@id":"https:\/\/www.ewigerbund.org\/bayern\/geschichte\/niederbayern-unter-otto-iii-ludwig-xiii-und-stephan-i\/#primaryimage","url":"https:\/\/www.ewigerbund.org\/bayern\/wp-content\/uploads\/sites\/12\/2023\/06\/Niederbayern_unter_Otto_III_Ludwig_III_und_Stephan_I-1024x580-1.jpg","contentUrl":"https:\/\/www.ewigerbund.org\/bayern\/wp-content\/uploads\/sites\/12\/2023\/06\/Niederbayern_unter_Otto_III_Ludwig_III_und_Stephan_I-1024x580-1.jpg","width":1024,"height":580,"caption":"Niederbayern_unter_Otto_III_Ludwig_III_und_Stephan_I-1024x580"},{"@type":"BreadcrumbList","@id":"https:\/\/www.ewigerbund.org\/bayern\/geschichte\/niederbayern-unter-otto-iii-ludwig-xiii-und-stephan-i\/#breadcrumb","itemListElement":[{"@type":"ListItem","position":1,"name":"Startseite","item":"https:\/\/www.ewigerbund.org\/bayern\/"},{"@type":"ListItem","position":2,"name":"Geschichte","item":"https:\/\/www.ewigerbund.org\/bayern\/geschichte\/"},{"@type":"ListItem","position":3,"name":"1290-1312. Niederbayern unter Otto III., Ludwig III. und Stephan I."}]},{"@type":"WebSite","@id":"https:\/\/www.ewigerbund.org\/bayern\/#website","url":"https:\/\/www.ewigerbund.org\/bayern\/","name":"K\u00f6nigreich Bayern","description":"im ewigen Bund.","publisher":{"@id":"https:\/\/www.ewigerbund.org\/bayern\/#organization"},"potentialAction":[{"@type":"SearchAction","target":{"@type":"EntryPoint","urlTemplate":"https:\/\/www.ewigerbund.org\/bayern\/?s={search_term_string}"},"query-input":"required name=search_term_string"}],"inLanguage":"de"},{"@type":"Organization","@id":"https:\/\/www.ewigerbund.org\/bayern\/#organization","name":"K\u00f6nigreich Bayern","url":"https:\/\/www.ewigerbund.org\/bayern\/","logo":{"@type":"ImageObject","inLanguage":"de","@id":"https:\/\/www.ewigerbund.org\/bayern\/#\/schema\/logo\/image\/","url":"https:\/\/www.ewigerbund.org\/bayern\/wp-content\/uploads\/sites\/12\/2023\/02\/2023-02-24-Logo-EB-Bayern-Schutzzone_Schatten_BGweiss_V2_1200px.png","contentUrl":"https:\/\/www.ewigerbund.org\/bayern\/wp-content\/uploads\/sites\/12\/2023\/02\/2023-02-24-Logo-EB-Bayern-Schutzzone_Schatten_BGweiss_V2_1200px.png","width":1200,"height":1200,"caption":"K\u00f6nigreich Bayern"},"image":{"@id":"https:\/\/www.ewigerbund.org\/bayern\/#\/schema\/logo\/image\/"}}]}},"_links":{"self":[{"href":"https:\/\/www.ewigerbund.org\/bayern\/wp-json\/wp\/v2\/pages\/1206","targetHints":{"allow":["GET"]}}],"collection":[{"href":"https:\/\/www.ewigerbund.org\/bayern\/wp-json\/wp\/v2\/pages"}],"about":[{"href":"https:\/\/www.ewigerbund.org\/bayern\/wp-json\/wp\/v2\/types\/page"}],"author":[{"embeddable":true,"href":"https:\/\/www.ewigerbund.org\/bayern\/wp-json\/wp\/v2\/users\/1"}],"replies":[{"embeddable":true,"href":"https:\/\/www.ewigerbund.org\/bayern\/wp-json\/wp\/v2\/comments?post=1206"}],"version-history":[{"count":10,"href":"https:\/\/www.ewigerbund.org\/bayern\/wp-json\/wp\/v2\/pages\/1206\/revisions"}],"predecessor-version":[{"id":2193,"href":"https:\/\/www.ewigerbund.org\/bayern\/wp-json\/wp\/v2\/pages\/1206\/revisions\/2193"}],"up":[{"embeddable":true,"href":"https:\/\/www.ewigerbund.org\/bayern\/wp-json\/wp\/v2\/pages\/215"}],"wp:featuredmedia":[{"embeddable":true,"href":"https:\/\/www.ewigerbund.org\/bayern\/wp-json\/wp\/v2\/media\/2863"}],"wp:attachment":[{"href":"https:\/\/www.ewigerbund.org\/bayern\/wp-json\/wp\/v2\/media?parent=1206"}],"wp:term":[{"taxonomy":"category","embeddable":true,"href":"https:\/\/www.ewigerbund.org\/bayern\/wp-json\/wp\/v2\/categories?post=1206"},{"taxonomy":"post_tag","embeddable":true,"href":"https:\/\/www.ewigerbund.org\/bayern\/wp-json\/wp\/v2\/tags?post=1206"}],"curies":[{"name":"wp","href":"https:\/\/api.w.org\/{rel}","templated":true}]}}