{"id":1078,"date":"2022-09-18T22:04:00","date_gmt":"2022-09-18T20:04:00","guid":{"rendered":"https:\/\/www.ewigerbund.org\/bayern\/?page_id=1078"},"modified":"2023-07-20T00:37:29","modified_gmt":"2023-07-19T22:37:29","slug":"heinrich-xiii-in-niederbayern","status":"publish","type":"page","link":"https:\/\/www.ewigerbund.org\/bayern\/geschichte\/heinrich-xiii-in-niederbayern\/","title":{"rendered":"1255-1290. Heinrich XIII. in Niederbayern."},"content":{"rendered":"<div class=\"gb-container gb-container-6b6859a1\"><div class=\"gb-inside-container\">\n\n<h2 class=\"wp-block-heading\">1255-1290. Heinrich XIII. in Niederbayern.<\/h2>\n\n\n\n<p><a href=\"https:\/\/www.ewigerbund.org\/bayern\/geschichte\/ludwig-der-strenge-herzog-in-oberbayern\/\">Ludwig der Strenge<\/a> lebte mit seinem Bruder, dem Herzog Heinrich XIII. in Niederbayern eine Zeit lang in bester Eintracht. Heinrich wurde in einen Krieg verwickelt mit Ottokar, dem l\u00e4ndergierigen K\u00f6nige von B\u00f6hmen, der, nachdem der letzte Herzog von \u00d6sterreich, Friedrich der Streitbare gestorben war, dieses Land in Besitz genommen hatte und nun auch die benachbarten bayerischen Besitzungen Sch\u00e4rding und Neuburg am Inn an sich rei\u00dfen wollte. Unter Mord und Verw\u00fcstung drangen die b\u00f6hmischen Schaaren durch das Vilstal herauf und bedrohten Niederbayerns Hauptstadt, Landshut.<\/p>\n\n\n\n<p>W\u00e4hrend hier unter dem Sturmgel\u00e4ute der Glocken das Volk zusammenlief und in der allgemeinen Not sich mutig um seinen F\u00fcrsten schaarte, brach <a href=\"https:\/\/www.ewigerbund.org\/bayern\/geschichte\/ludwig-der-strenge-herzog-in-oberbayern\/\">Ludwig<\/a> von der Rheinpfalz auf dem bedr\u00e4ngten Bruder zu helfen. Eintracht machte die Br\u00fcder stark und ihre vereinigte Macht lehrte dem Feinde das F\u00fcrchten. Eiligst trat dieser den R\u00fcckzug an. Doch die Bayern verfolgten den Fliehenden und ereilten ihn bei M\u00fchldorf, wo auf der Innbr\u00fccke ein blutiges Gemetzel entstand. Es war am 24. August 1257. Im f\u00fcrchterlichen Gedr\u00e4nge fl\u00fcchteten die B\u00f6hmen \u00fcber die Br\u00fccke, ihnen nach die mutigen Herz\u00f6ge mit ihren Bayern. Unter solcher Last wichen die Pfeiler. Die Br\u00fccke st\u00fcrzte ein und gegen 3.000 B\u00f6hmen ertranken in den Fluten des Inn. Was aus dem Flu\u00dfe sich retten wollte, wurde von den Spie\u00dfen der Bayern zur\u00fcckgesto\u00dfen oder von ihren t\u00f6dlichen Pfeilen getroffen. &#8211; Viele B\u00f6hmen hatten sich auch in einen nahegelegenen Turm geworfen. Sie fanden, nachdem man den Turm angez\u00fcndet hatte, in den Flammen den Tod.<\/p>\n\n\n\n<p>Diesen siegreichen Kampf hat das oben stehende Bild zum Gegenstande. &#8211; Auf der einbrechenden Innbr\u00fccke sehen wir den B\u00f6hmenf\u00fcrsten mit den Seinigen in wilder Flucht, ihnen auf den Fersen die Bayern, voran die beiden Herz\u00f6ge<a href=\"https:\/\/www.ewigerbund.org\/bayern\/geschichte\/ludwig-der-strenge-herzog-in-oberbayern\/\"> Ludwig der Strenge<\/a> auf einem mutigen Schimmel, zu seiner Linken Heinrich von Niederbayern mit erhobenem Schwerte. Erschlagene B\u00f6hmen, \u00fcber welche die nachdr\u00e4ngenden Bayern setzen, bedecken die Br\u00fccke. Andere sieht man rettungslos in den Wellen versinken. Hinter dieser Gruppe zeigt sich der von Feinden besetze, brennende Turm. Durch diese j\u00e4mmerliche Niederlage gedem\u00fctigt, bat Ottokar um Frieden. Er gab willig die weggenommenen Besitzungen heraus und verzichtete auf dieselben f\u00fcr alle Zeiten. Die Bayern aber, des herrlichen Sieges erfreut, betraten fr\u00f6hlich den R\u00fcckweg. Soviel vermag Eintracht auch \u00fcber den m\u00e4chtigen Feind zu vollbringen. &#8211; Doch leider blieb es nicht immer so.<\/p>\n\n\n\n<p>Die bevorstehende Wahl eines deutschen Kaisers entzweite die herzoglichen Br\u00fcder und dieses Zerw\u00fcrfni\u00df brachte viel Unheil \u00fcber die L\u00e4nder Beider.<a href=\"https:\/\/www.ewigerbund.org\/bayern\/geschichte\/ludwig-der-strenge-herzog-in-oberbayern\/\"> Ludwig<\/a> als Kurf\u00fcrst gab seine Stimme dem tapfern Grafen <a href=\"https:\/\/www.ewigerbund.org\/bayern\/geschichte\/rudolf-von-habsburg\/\">Rudolf von Habsburg<\/a>, den er f\u00fcr f\u00e4hig hielt, den Wirren einer recht- und gesetzlosen Zeit, wie sie damals in Deutschland war, mit kr\u00e4ftigem Arme zu begegnen. &#8211; <a href=\"https:\/\/www.ewigerbund.org\/bayern\/geschichte\/rudolf-von-habsburg\/\">Rudolf<\/a> wurde auch 1273 zu Aachen gekr\u00f6nt. Doch Heinrich von Niederbayern nahm gegen ihn Partei, vers\u00f6hnte sich dann auf <a href=\"https:\/\/www.ewigerbund.org\/bayern\/geschichte\/ludwig-der-strenge-herzog-in-oberbayern\/\">Ludwigs<\/a> Vermittlung mit dem Kaiser, entzweite sich wieder und schlo\u00df sich zuletzt sogar an seinen fr\u00fcheren Hauptfeind, den B\u00f6hmen Ottokar an, um diesem die kaiserliche W\u00fcrde erk\u00e4mpfen zu helfen. &#8211; Die Schlacht auf dem Marchfelde (1278), in welcher Ottokar und Heinrich gegen den <a href=\"https:\/\/www.ewigerbund.org\/bayern\/geschichte\/rudolf-von-habsburg\/\">Kaiser Rudolf<\/a> k\u00e4mpften, entschied f\u00fcr das habsburgische Haus. Ottokar wurde geschlagen, Heinrich wiederholt mit dem Kaiser ausges\u00f6hnt und mit seinem Bruder verglichen. In Reue \u00fcber die begangenen Fehler und Irrt\u00fcmer starb dieser Herzog auf dem Schlosse zu Burghausen im Jahre 1290. Ein Jahr darauf schlo\u00df der vortreffliche <a href=\"https:\/\/www.ewigerbund.org\/bayern\/geschichte\/rudolf-von-habsburg\/\">Kaiser Rudolf<\/a> die Augen und \u00fcber Deutschland brachen nun durch den begonnenen Streit um die deutsche Krone zwischen Rudolfs Sohn Albrecht von \u00d6sterreich und dem Grafen von Nassau neue Unruhen herein. &#8211; In diesem Kampfe errang der Nassauer Sieg und Thron.<\/p>\n\n\n<div class=\"gb-button-wrapper gb-button-wrapper-6367b6bf\">\n\n<a class=\"gb-button gb-button-8634f8d4 gb-button-text\" href=\"https:\/\/forum.bayern.ewigerbund.org\/viewtopic.php?t=332\" target=\"_blank\" rel=\"noopener noreferrer\">Dieser Beitrag hat dir gefallen? Hier kommentieren.<\/a>\n\n<\/div>\n\n\n<p class=\"has-small-font-size\"><em>Quelle: Geschichte von Bayern und der zum K\u00f6nigreiche Bayern geh\u00f6rigen Provinzen Rheinpfalz, Franken u. Schwaben in 120 Bildern mit erkl\u00e4rendem Texte f\u00fcr Schule und Haus, Seite 69.<\/em><\/p>\n\n<\/div><\/div>","protected":false},"excerpt":{"rendered":"<p>1255-1290. Heinrich XIII. in Niederbayern. Ludwig der Strenge lebte mit seinem Bruder, dem Herzog Heinrich XIII. in Niederbayern eine Zeit lang in bester Eintracht. Heinrich wurde in einen Krieg verwickelt mit Ottokar, dem l\u00e4ndergierigen K\u00f6nige von B\u00f6hmen, der, nachdem der letzte Herzog von \u00d6sterreich, Friedrich der Streitbare gestorben war, dieses Land in Besitz genommen hatte &#8230; <a title=\"1255-1290. Heinrich XIII. in Niederbayern.\" class=\"read-more\" href=\"https:\/\/www.ewigerbund.org\/bayern\/geschichte\/heinrich-xiii-in-niederbayern\/\" aria-label=\"Mehr zu 1255-1290. Heinrich XIII. in Niederbayern.\">Weiterlesen &#8230;<\/a><\/p>\n","protected":false},"author":1,"featured_media":2860,"parent":215,"menu_order":4,"comment_status":"closed","ping_status":"closed","template":"","meta":{"footnotes":""},"categories":[6,5,7],"tags":[205,245,249,222,248,169,241,14,247],"class_list":["post-1078","page","type-page","status-publish","has-post-thumbnail","hentry","category-bayern","category-bundesstaat","category-geschichte","tag-boehmen","tag-heinrich-xiii","tag-koenig-ottokar","tag-ludwig-der-strenge","tag-niederbayern","tag-oesterreich","tag-rheinpfalz","tag-rudolf-von-habsburg","tag-verwuestung"],"yoast_head":"<!-- This site is optimized with the Yoast SEO plugin v23.1 - https:\/\/yoast.com\/wordpress\/plugins\/seo\/ -->\n<title>1255-1290. Heinrich XIII. in Niederbayern. - K\u00f6nigreich Bayern<\/title>\n<meta name=\"robots\" content=\"index, follow, max-snippet:-1, max-image-preview:large, max-video-preview:-1\" \/>\n<link rel=\"canonical\" href=\"https:\/\/www.ewigerbund.org\/bayern\/geschichte\/heinrich-xiii-in-niederbayern\/\" \/>\n<meta property=\"og:locale\" content=\"de_DE\" \/>\n<meta property=\"og:type\" content=\"article\" \/>\n<meta property=\"og:title\" content=\"1255-1290. Heinrich XIII. in Niederbayern. - K\u00f6nigreich Bayern\" \/>\n<meta property=\"og:description\" content=\"1255-1290. Heinrich XIII. in Niederbayern. Ludwig der Strenge lebte mit seinem Bruder, dem Herzog Heinrich XIII. in Niederbayern eine Zeit lang in bester Eintracht. Heinrich wurde in einen Krieg verwickelt mit Ottokar, dem l\u00e4ndergierigen K\u00f6nige von B\u00f6hmen, der, nachdem der letzte Herzog von \u00d6sterreich, Friedrich der Streitbare gestorben war, dieses Land in Besitz genommen hatte ... Weiterlesen ...\" \/>\n<meta property=\"og:url\" content=\"https:\/\/www.ewigerbund.org\/bayern\/geschichte\/heinrich-xiii-in-niederbayern\/\" \/>\n<meta property=\"og:site_name\" content=\"K\u00f6nigreich Bayern\" \/>\n<meta property=\"article:modified_time\" content=\"2023-07-19T22:37:29+00:00\" \/>\n<meta property=\"og:image\" content=\"https:\/\/www.ewigerbund.org\/bayern\/wp-content\/uploads\/sites\/12\/2023\/06\/1255-1290-Heinrich-I.jpg\" \/>\n\t<meta property=\"og:image:width\" content=\"1024\" \/>\n\t<meta property=\"og:image:height\" content=\"580\" \/>\n\t<meta property=\"og:image:type\" content=\"image\/jpeg\" \/>\n<meta name=\"twitter:card\" content=\"summary_large_image\" \/>\n<meta name=\"twitter:label1\" content=\"Gesch\u00e4tzte Lesezeit\" \/>\n\t<meta name=\"twitter:data1\" content=\"4\u00a0Minuten\" \/>\n<script type=\"application\/ld+json\" class=\"yoast-schema-graph\">{\"@context\":\"https:\/\/schema.org\",\"@graph\":[{\"@type\":\"WebPage\",\"@id\":\"https:\/\/www.ewigerbund.org\/bayern\/geschichte\/heinrich-xiii-in-niederbayern\/\",\"url\":\"https:\/\/www.ewigerbund.org\/bayern\/geschichte\/heinrich-xiii-in-niederbayern\/\",\"name\":\"1255-1290. Heinrich XIII. in Niederbayern. - K\u00f6nigreich Bayern\",\"isPartOf\":{\"@id\":\"https:\/\/www.ewigerbund.org\/bayern\/#website\"},\"primaryImageOfPage\":{\"@id\":\"https:\/\/www.ewigerbund.org\/bayern\/geschichte\/heinrich-xiii-in-niederbayern\/#primaryimage\"},\"image\":{\"@id\":\"https:\/\/www.ewigerbund.org\/bayern\/geschichte\/heinrich-xiii-in-niederbayern\/#primaryimage\"},\"thumbnailUrl\":\"https:\/\/www.ewigerbund.org\/bayern\/wp-content\/uploads\/sites\/12\/2023\/06\/1255-1290-Heinrich-I.jpg\",\"datePublished\":\"2022-09-18T20:04:00+00:00\",\"dateModified\":\"2023-07-19T22:37:29+00:00\",\"breadcrumb\":{\"@id\":\"https:\/\/www.ewigerbund.org\/bayern\/geschichte\/heinrich-xiii-in-niederbayern\/#breadcrumb\"},\"inLanguage\":\"de\",\"potentialAction\":[{\"@type\":\"ReadAction\",\"target\":[\"https:\/\/www.ewigerbund.org\/bayern\/geschichte\/heinrich-xiii-in-niederbayern\/\"]}]},{\"@type\":\"ImageObject\",\"inLanguage\":\"de\",\"@id\":\"https:\/\/www.ewigerbund.org\/bayern\/geschichte\/heinrich-xiii-in-niederbayern\/#primaryimage\",\"url\":\"https:\/\/www.ewigerbund.org\/bayern\/wp-content\/uploads\/sites\/12\/2023\/06\/1255-1290-Heinrich-I.jpg\",\"contentUrl\":\"https:\/\/www.ewigerbund.org\/bayern\/wp-content\/uploads\/sites\/12\/2023\/06\/1255-1290-Heinrich-I.jpg\",\"width\":1024,\"height\":580,\"caption\":\"1255-1290-Heinrich-I\"},{\"@type\":\"BreadcrumbList\",\"@id\":\"https:\/\/www.ewigerbund.org\/bayern\/geschichte\/heinrich-xiii-in-niederbayern\/#breadcrumb\",\"itemListElement\":[{\"@type\":\"ListItem\",\"position\":1,\"name\":\"Startseite\",\"item\":\"https:\/\/www.ewigerbund.org\/bayern\/\"},{\"@type\":\"ListItem\",\"position\":2,\"name\":\"Geschichte\",\"item\":\"https:\/\/www.ewigerbund.org\/bayern\/geschichte\/\"},{\"@type\":\"ListItem\",\"position\":3,\"name\":\"1255-1290. Heinrich XIII. in Niederbayern.\"}]},{\"@type\":\"WebSite\",\"@id\":\"https:\/\/www.ewigerbund.org\/bayern\/#website\",\"url\":\"https:\/\/www.ewigerbund.org\/bayern\/\",\"name\":\"K\u00f6nigreich Bayern\",\"description\":\"im ewigen Bund.\",\"publisher\":{\"@id\":\"https:\/\/www.ewigerbund.org\/bayern\/#organization\"},\"potentialAction\":[{\"@type\":\"SearchAction\",\"target\":{\"@type\":\"EntryPoint\",\"urlTemplate\":\"https:\/\/www.ewigerbund.org\/bayern\/?s={search_term_string}\"},\"query-input\":\"required name=search_term_string\"}],\"inLanguage\":\"de\"},{\"@type\":\"Organization\",\"@id\":\"https:\/\/www.ewigerbund.org\/bayern\/#organization\",\"name\":\"K\u00f6nigreich Bayern\",\"url\":\"https:\/\/www.ewigerbund.org\/bayern\/\",\"logo\":{\"@type\":\"ImageObject\",\"inLanguage\":\"de\",\"@id\":\"https:\/\/www.ewigerbund.org\/bayern\/#\/schema\/logo\/image\/\",\"url\":\"https:\/\/www.ewigerbund.org\/bayern\/wp-content\/uploads\/sites\/12\/2023\/02\/2023-02-24-Logo-EB-Bayern-Schutzzone_Schatten_BGweiss_V2_1200px.png\",\"contentUrl\":\"https:\/\/www.ewigerbund.org\/bayern\/wp-content\/uploads\/sites\/12\/2023\/02\/2023-02-24-Logo-EB-Bayern-Schutzzone_Schatten_BGweiss_V2_1200px.png\",\"width\":1200,\"height\":1200,\"caption\":\"K\u00f6nigreich Bayern\"},\"image\":{\"@id\":\"https:\/\/www.ewigerbund.org\/bayern\/#\/schema\/logo\/image\/\"}}]}<\/script>\n<!-- \/ Yoast SEO plugin. -->","yoast_head_json":{"title":"1255-1290. Heinrich XIII. in Niederbayern. - K\u00f6nigreich Bayern","robots":{"index":"index","follow":"follow","max-snippet":"max-snippet:-1","max-image-preview":"max-image-preview:large","max-video-preview":"max-video-preview:-1"},"canonical":"https:\/\/www.ewigerbund.org\/bayern\/geschichte\/heinrich-xiii-in-niederbayern\/","og_locale":"de_DE","og_type":"article","og_title":"1255-1290. Heinrich XIII. in Niederbayern. - K\u00f6nigreich Bayern","og_description":"1255-1290. Heinrich XIII. in Niederbayern. Ludwig der Strenge lebte mit seinem Bruder, dem Herzog Heinrich XIII. in Niederbayern eine Zeit lang in bester Eintracht. Heinrich wurde in einen Krieg verwickelt mit Ottokar, dem l\u00e4ndergierigen K\u00f6nige von B\u00f6hmen, der, nachdem der letzte Herzog von \u00d6sterreich, Friedrich der Streitbare gestorben war, dieses Land in Besitz genommen hatte ... Weiterlesen ...","og_url":"https:\/\/www.ewigerbund.org\/bayern\/geschichte\/heinrich-xiii-in-niederbayern\/","og_site_name":"K\u00f6nigreich Bayern","article_modified_time":"2023-07-19T22:37:29+00:00","og_image":[{"width":1024,"height":580,"url":"https:\/\/www.ewigerbund.org\/bayern\/wp-content\/uploads\/sites\/12\/2023\/06\/1255-1290-Heinrich-I.jpg","type":"image\/jpeg"}],"twitter_card":"summary_large_image","twitter_misc":{"Gesch\u00e4tzte Lesezeit":"4\u00a0Minuten"},"schema":{"@context":"https:\/\/schema.org","@graph":[{"@type":"WebPage","@id":"https:\/\/www.ewigerbund.org\/bayern\/geschichte\/heinrich-xiii-in-niederbayern\/","url":"https:\/\/www.ewigerbund.org\/bayern\/geschichte\/heinrich-xiii-in-niederbayern\/","name":"1255-1290. Heinrich XIII. in Niederbayern. - K\u00f6nigreich Bayern","isPartOf":{"@id":"https:\/\/www.ewigerbund.org\/bayern\/#website"},"primaryImageOfPage":{"@id":"https:\/\/www.ewigerbund.org\/bayern\/geschichte\/heinrich-xiii-in-niederbayern\/#primaryimage"},"image":{"@id":"https:\/\/www.ewigerbund.org\/bayern\/geschichte\/heinrich-xiii-in-niederbayern\/#primaryimage"},"thumbnailUrl":"https:\/\/www.ewigerbund.org\/bayern\/wp-content\/uploads\/sites\/12\/2023\/06\/1255-1290-Heinrich-I.jpg","datePublished":"2022-09-18T20:04:00+00:00","dateModified":"2023-07-19T22:37:29+00:00","breadcrumb":{"@id":"https:\/\/www.ewigerbund.org\/bayern\/geschichte\/heinrich-xiii-in-niederbayern\/#breadcrumb"},"inLanguage":"de","potentialAction":[{"@type":"ReadAction","target":["https:\/\/www.ewigerbund.org\/bayern\/geschichte\/heinrich-xiii-in-niederbayern\/"]}]},{"@type":"ImageObject","inLanguage":"de","@id":"https:\/\/www.ewigerbund.org\/bayern\/geschichte\/heinrich-xiii-in-niederbayern\/#primaryimage","url":"https:\/\/www.ewigerbund.org\/bayern\/wp-content\/uploads\/sites\/12\/2023\/06\/1255-1290-Heinrich-I.jpg","contentUrl":"https:\/\/www.ewigerbund.org\/bayern\/wp-content\/uploads\/sites\/12\/2023\/06\/1255-1290-Heinrich-I.jpg","width":1024,"height":580,"caption":"1255-1290-Heinrich-I"},{"@type":"BreadcrumbList","@id":"https:\/\/www.ewigerbund.org\/bayern\/geschichte\/heinrich-xiii-in-niederbayern\/#breadcrumb","itemListElement":[{"@type":"ListItem","position":1,"name":"Startseite","item":"https:\/\/www.ewigerbund.org\/bayern\/"},{"@type":"ListItem","position":2,"name":"Geschichte","item":"https:\/\/www.ewigerbund.org\/bayern\/geschichte\/"},{"@type":"ListItem","position":3,"name":"1255-1290. Heinrich XIII. in Niederbayern."}]},{"@type":"WebSite","@id":"https:\/\/www.ewigerbund.org\/bayern\/#website","url":"https:\/\/www.ewigerbund.org\/bayern\/","name":"K\u00f6nigreich Bayern","description":"im ewigen Bund.","publisher":{"@id":"https:\/\/www.ewigerbund.org\/bayern\/#organization"},"potentialAction":[{"@type":"SearchAction","target":{"@type":"EntryPoint","urlTemplate":"https:\/\/www.ewigerbund.org\/bayern\/?s={search_term_string}"},"query-input":"required name=search_term_string"}],"inLanguage":"de"},{"@type":"Organization","@id":"https:\/\/www.ewigerbund.org\/bayern\/#organization","name":"K\u00f6nigreich Bayern","url":"https:\/\/www.ewigerbund.org\/bayern\/","logo":{"@type":"ImageObject","inLanguage":"de","@id":"https:\/\/www.ewigerbund.org\/bayern\/#\/schema\/logo\/image\/","url":"https:\/\/www.ewigerbund.org\/bayern\/wp-content\/uploads\/sites\/12\/2023\/02\/2023-02-24-Logo-EB-Bayern-Schutzzone_Schatten_BGweiss_V2_1200px.png","contentUrl":"https:\/\/www.ewigerbund.org\/bayern\/wp-content\/uploads\/sites\/12\/2023\/02\/2023-02-24-Logo-EB-Bayern-Schutzzone_Schatten_BGweiss_V2_1200px.png","width":1200,"height":1200,"caption":"K\u00f6nigreich Bayern"},"image":{"@id":"https:\/\/www.ewigerbund.org\/bayern\/#\/schema\/logo\/image\/"}}]}},"_links":{"self":[{"href":"https:\/\/www.ewigerbund.org\/bayern\/wp-json\/wp\/v2\/pages\/1078","targetHints":{"allow":["GET"]}}],"collection":[{"href":"https:\/\/www.ewigerbund.org\/bayern\/wp-json\/wp\/v2\/pages"}],"about":[{"href":"https:\/\/www.ewigerbund.org\/bayern\/wp-json\/wp\/v2\/types\/page"}],"author":[{"embeddable":true,"href":"https:\/\/www.ewigerbund.org\/bayern\/wp-json\/wp\/v2\/users\/1"}],"replies":[{"embeddable":true,"href":"https:\/\/www.ewigerbund.org\/bayern\/wp-json\/wp\/v2\/comments?post=1078"}],"version-history":[{"count":10,"href":"https:\/\/www.ewigerbund.org\/bayern\/wp-json\/wp\/v2\/pages\/1078\/revisions"}],"predecessor-version":[{"id":2190,"href":"https:\/\/www.ewigerbund.org\/bayern\/wp-json\/wp\/v2\/pages\/1078\/revisions\/2190"}],"up":[{"embeddable":true,"href":"https:\/\/www.ewigerbund.org\/bayern\/wp-json\/wp\/v2\/pages\/215"}],"wp:featuredmedia":[{"embeddable":true,"href":"https:\/\/www.ewigerbund.org\/bayern\/wp-json\/wp\/v2\/media\/2860"}],"wp:attachment":[{"href":"https:\/\/www.ewigerbund.org\/bayern\/wp-json\/wp\/v2\/media?parent=1078"}],"wp:term":[{"taxonomy":"category","embeddable":true,"href":"https:\/\/www.ewigerbund.org\/bayern\/wp-json\/wp\/v2\/categories?post=1078"},{"taxonomy":"post_tag","embeddable":true,"href":"https:\/\/www.ewigerbund.org\/bayern\/wp-json\/wp\/v2\/tags?post=1078"}],"curies":[{"name":"wp","href":"https:\/\/api.w.org\/{rel}","templated":true}]}}