{"version":"1.0","provider_name":"K\u00f6nigreich Bayern","provider_url":"https:\/\/www.ewigerbund.org\/bayern","author_name":"Ewiger Bund (Offiziell)","author_url":"https:\/\/www.ewigerbund.org\/bayern\/author\/deutscher\/","title":"1351-1361. Oberbayern und Tirol unter Ludwig V. - K\u00f6nigreich Bayern","type":"rich","width":600,"height":338,"html":"<blockquote class=\"wp-embedded-content\" data-secret=\"mhB8Gp3ofl\"><a href=\"https:\/\/www.ewigerbund.org\/bayern\/geschichte\/oberbayern-und-tyrol-unter-ludwig-v\/\">1351-1361. Oberbayern und Tirol unter Ludwig V.<\/a><\/blockquote><iframe sandbox=\"allow-scripts\" security=\"restricted\" src=\"https:\/\/www.ewigerbund.org\/bayern\/geschichte\/oberbayern-und-tyrol-unter-ludwig-v\/embed\/#?secret=mhB8Gp3ofl\" width=\"600\" height=\"338\" title=\"&#8222;1351-1361. Oberbayern und Tirol unter Ludwig V.&#8220; &#8211; K\u00f6nigreich Bayern\" data-secret=\"mhB8Gp3ofl\" frameborder=\"0\" marginwidth=\"0\" marginheight=\"0\" scrolling=\"no\" class=\"wp-embedded-content\"><\/iframe><script type=\"text\/javascript\">\n\/* <![CDATA[ *\/\n\/*! This file is auto-generated *\/\n!function(d,l){\"use strict\";l.querySelector&&d.addEventListener&&\"undefined\"!=typeof URL&&(d.wp=d.wp||{},d.wp.receiveEmbedMessage||(d.wp.receiveEmbedMessage=function(e){var t=e.data;if((t||t.secret||t.message||t.value)&&!\/[^a-zA-Z0-9]\/.test(t.secret)){for(var s,r,n,a=l.querySelectorAll('iframe[data-secret=\"'+t.secret+'\"]'),o=l.querySelectorAll('blockquote[data-secret=\"'+t.secret+'\"]'),c=new RegExp(\"^https?:$\",\"i\"),i=0;i<o.length;i++)o[i].style.display=\"none\";for(i=0;i<a.length;i++)s=a[i],e.source===s.contentWindow&&(s.removeAttribute(\"style\"),\"height\"===t.message?(1e3<(r=parseInt(t.value,10))?r=1e3:~~r<200&&(r=200),s.height=r):\"link\"===t.message&&(r=new URL(s.getAttribute(\"src\")),n=new URL(t.value),c.test(n.protocol))&&n.host===r.host&&l.activeElement===s&&(d.top.location.href=t.value))}},d.addEventListener(\"message\",d.wp.receiveEmbedMessage,!1),l.addEventListener(\"DOMContentLoaded\",function(){for(var e,t,s=l.querySelectorAll(\"iframe.wp-embedded-content\"),r=0;r<s.length;r++)(t=(e=s[r]).getAttribute(\"data-secret\"))||(t=Math.random().toString(36).substring(2,12),e.src+=\"#?secret=\"+t,e.setAttribute(\"data-secret\",t)),e.contentWindow.postMessage({message:\"ready\",secret:t},\"*\")},!1)))}(window,document);\n\/* ]]> *\/\n<\/script>\n","thumbnail_url":"https:\/\/www.ewigerbund.org\/bayern\/wp-content\/uploads\/sites\/12\/2023\/06\/1351-1361-Oberbayern-und-Tyrol-unter-Ludwig-V-1024x580-1.jpg","thumbnail_width":1024,"thumbnail_height":580,"description":"1351-1361. Oberbayern und Tirol unter Ludwig V. Der Begr\u00fcnder dieser Linie, Ludwig V., der Brandenburger (1351-1361), war ein biederer, freisinniger F\u00fcrst, von Allen, die ihn n\u00e4her kannten, geachtet und geliebt. Auf seinen Wunsch stellte der Herzog Albrecht der Weise von \u00d6sterreich bei dem Papst Innocenz VI. (1352-1362) das Aufsuchen, den Kirchenbann, der noch immer auf ... Weiterlesen ..."}